{"id":1265,"date":"2016-11-23T22:44:40","date_gmt":"2016-11-23T22:44:40","guid":{"rendered":"http:\/\/bullas.es\/turismo\/patrimonio-artistico-y-arqueologico\/"},"modified":"2017-09-05T16:13:36","modified_gmt":"2017-09-05T16:13:36","slug":"artistic_archaeological_heritage","status":"publish","type":"page","link":"https:\/\/bullas.es\/turismo\/en\/artistic_archaeological_heritage\/","title":{"rendered":"Artistic and Archaeological Heritage"},"content":{"rendered":"<div id=\"cs-content\" class=\"cs-content\" ><div id=\"x-section-1\" class=\"x-section\" style=\"margin: 0px;padding: 10px 0px; background-color: transparent;\"  ><div class=\"x-container max width\" style=\"margin: 0px auto;padding: 0px;\"  ><div  class=\"x-column x-sm x-1-1\" style=\"padding: 0px;\" ><h1  class=\"h-custom-headline h2\" ><span>Artistic and Archaeological Heritage<\/span><\/h1><\/div><\/div><div class=\"x-container max width\" style=\"margin: 0px auto;padding: 0px;\"  ><div  class=\"x-column x-sm x-1-1\" style=\"padding: 0px;\" ><img  class=\"x-img x-img-none\"  src=\"http:\/\/bullas.es\/turismo\/wp-content\/uploads\/sites\/2\/2016\/12\/ni\u00f1o_parra_larga1920x100.png\" ><\/div><\/div><div class=\"x-container max width\" style=\"margin: 0px auto;padding: 0px;\"  ><div  class=\"x-column x-sm x-1-1\" style=\"padding: 0px;\" ><img  class=\"x-img x-img-none\"  src=\"http:\/\/bullas.es\/turismo\/wp-content\/uploads\/sites\/2\/2016\/12\/patrimonio.jpg\" ><\/div><\/div><div class=\"x-container max width\" style=\"margin: 0px auto;padding: 0px;\"  ><div  class=\"x-column x-sm x-1-1\" style=\"padding: 0px;\" ><hr  class=\"x-hr\" style=\"border-top-width: 1px;\"><\/div><\/div><\/div><div id=\"x-section-2\" class=\"x-section\" style=\"margin: 0px;padding: 10px 0px; background-color: transparent;\"  ><div class=\"x-container max width\" style=\"margin: 0px auto;padding: 0px;\"  ><div  class=\"x-column x-sm x-1-1\" style=\"padding: 0px;\" ><div class=\"x-text\"  ><p>Bullas has an interesting artistic, architectural, ethnographic and archaeological heritage which has been put in value to be enjoyed by visitors.<\/p>\n<\/div><\/div><\/div><\/div><div id=\"x-section-3\" class=\"x-section\" style=\"margin: 0px;padding: 10px 0px; background-color: transparent;\"  ><div class=\"x-container max width\" style=\"margin: 0px auto;padding: 0px;\"  ><div  class=\"x-column x-sm x-1-1\" style=\"padding: 10px 0px;\" ><div class=\"x-flexslider-shortcode-container with-container\"><div  class=\"x-flexslider x-flexslider-shortcode x-flexslider-shortcode-1\" data-x-element=\"slider\" data-x-params=\"{&quot;animation&quot;:&quot;fade&quot;,&quot;reverse&quot;:false,&quot;slideTime&quot;:&quot;5000&quot;,&quot;slideSpeed&quot;:&quot;1000&quot;,&quot;controlNav&quot;:false,&quot;prevNextNav&quot;:true,&quot;slideshow&quot;:true,&quot;random&quot;:true,&quot;touch&quot;:true,&quot;pauseOnHover&quot;:true}\"  ><ul class=\"x-slides\"><li  class=\"x-slide\" ><img src=\"http:\/\/bullas.es\/turismo\/wp-content\/uploads\/sites\/2\/2016\/12\/patrimonio1.jpg\" alt=\"Pattrimonio\"><\/li><li  class=\"x-slide\" ><img src=\"http:\/\/bullas.es\/turismo\/wp-content\/uploads\/sites\/2\/2016\/12\/patrimonio2.jpg\" alt=\"Pattrimonio\"><\/li><li  class=\"x-slide\" ><img src=\"http:\/\/bullas.es\/turismo\/wp-content\/uploads\/sites\/2\/2016\/12\/patrimonio3.jpg\" alt=\"Pattrimonio\"><\/li><li  class=\"x-slide\" ><img src=\"http:\/\/bullas.es\/turismo\/wp-content\/uploads\/sites\/2\/2016\/12\/patrimonio4.jpg\" alt=\"Pattrimonio\"><\/li><li  class=\"x-slide\" ><img src=\"http:\/\/bullas.es\/turismo\/wp-content\/uploads\/sites\/2\/2016\/12\/patrimonio5.jpg\" alt=\"Pattrimonio\"><\/li><li  class=\"x-slide\" ><img src=\"http:\/\/bullas.es\/turismo\/wp-content\/uploads\/sites\/2\/2016\/12\/patrimonio6.jpg\" alt=\"Pattrimonio\"><\/li><li  class=\"x-slide\" ><img src=\"http:\/\/bullas.es\/turismo\/wp-content\/uploads\/sites\/2\/2016\/12\/patrimonio7.jpg\" alt=\"Pattrimonio\"><\/li><li  class=\"x-slide\" ><img src=\"http:\/\/bullas.es\/turismo\/wp-content\/uploads\/sites\/2\/2016\/12\/patrimonio8.jpg\" alt=\"Pattrimonio\"><\/li><li  class=\"x-slide\" ><img src=\"http:\/\/bullas.es\/turismo\/wp-content\/uploads\/sites\/2\/2016\/12\/patrimonio9.jpg\" alt=\"Pattrimonio\"><\/li><li  class=\"x-slide\" ><img src=\"http:\/\/bullas.es\/turismo\/wp-content\/uploads\/sites\/2\/2016\/12\/patrimonio10.jpg\" alt=\"Pattrimonio\"><\/li><\/ul><\/div><\/div><\/div><\/div><\/div><div id=\"x-section-4\" class=\"x-section\" style=\"margin: 0px;padding: 10px 0px; background-color: transparent;\"  ><div class=\"x-container max width\" style=\"margin: 0px auto;padding: 0px;\"  ><div  class=\"x-column x-sm x-1-1\" style=\"padding: 10px 0px;\" ><h2  class=\"h-custom-headline h4\" ><span>parish church of Nuestra se\u00f1ora del rosario (OUR LADY OF THE ROSARY)<\/span><\/h2><\/div><\/div><div class=\"x-container max width\" style=\"margin: 0px auto;padding: 0px;\"  ><div  class=\"x-column x-sm x-1-1\" style=\"padding: 0px;\" ><div class=\"x-text\"  ><p>Declared as a national monument in 1982 this church is the main building of the Plaza de Espa\u00f1a. It was built between the end of the 17th century and 1723, being enlarged and restored between 1800 and 1804, with the side naves and the sacristy of neoclassical style, as well as the baroque tower which give che church its current image. The neogothic Sanctum chapel dates from 1905.<\/p>\n<p>Most of its images and objects was destroyed during the Spanish Civil War, although the parish archives \u2013 containing documents from the late 17th century &#8211; were preserved as well as some images like Saint John (1925). The current image of the patroness Nuestra Se\u00f1ora del Rosario came to Bullas in 1939 and is located in the centre of the altarpiece, made in 1947 with the funding of the people of Bullas. <\/p>\n<\/div><\/div><\/div><\/div><div id=\"x-section-5\" class=\"x-section\" style=\"margin: 0px;padding: 10px 0px; background-color: transparent;\"  ><div class=\"x-container max width\" style=\"margin: 0px auto;padding: 0px;\"  ><div  class=\"x-column x-sm x-1-1\" style=\"padding: 10px 0px;\" ><h2  class=\"h-custom-headline h4\" ><span>clock tower<\/span><\/h2><\/div><\/div><div class=\"x-container max width\" style=\"margin: 0px auto;padding: 0px;\"  ><div  class=\"x-column x-sm x-1-1\" style=\"padding: 0px;\" ><div class=\"x-text\"  ><p>The<em> Torre del Reloj<\/em> (Clock Tower) or <em>Torre de Santiago<\/em> (Saint James Tower) was built in 1900 on the top of one of the hills where the town is placed. It is one of the main elements of Bullas skyline. This building is the result of the pr\u00edvate initiative of the mayor Joaqu\u00edn Carre\u00f1o G\u00f3ngora as the Municipality could not finance a new clodk for the town that was located in the tower church until that momento. The new tower started to regulate the irrigation shifts in the nearby Calder\u00f3n orchards, where Mr. Carre\u00f1o was one of the main landowners. The inauguration took place on the 25th of July 1900, Saint James Feast. The clock mechanism was made in Switzerland and it was put on work by the watchmaker from Palencia Mois\u00e9s D\u00edaz, also responsible of the making of the three bronze bells placed in the metallic structure of the balcony. In 1916 the tower was given by the owner to the Municipality of Bullas.<\/p>\n<\/div><\/div><\/div><\/div><div id=\"x-section-6\" class=\"x-section\" style=\"margin: 0px;padding: 10px 0px; background-color: transparent;\"  ><div class=\"x-container max width\" style=\"margin: 0px auto;padding: 0px;\"  ><div  class=\"x-column x-sm x-1-1\" style=\"padding: 10px 0px;\" ><h2  class=\"h-custom-headline h4\" ><span>culture house (MELGARES house)<\/span><\/h2><\/div><\/div><div class=\"x-container max width\" style=\"margin: 0px auto;padding: 0px;\"  ><div  class=\"x-column x-sm x-1-1\" style=\"padding: 0px;\" ><div class=\"x-text\"  ><p>This is a noble house built in 1925 on the place where there was an inn. It belonged to one of the wealthiest and most important families of Bullas, the Melgares de Aguilar. It was used by Anarchist forces during the Spanish Civil War and between 1954 and 1981 the building became the school of the Amor de Dios nuns. Then it was purchased by the Municipality to place the Culture House in it. The style is eclectic and it has neoarabic elements in the entrance., as well as a beautiful balustrade. The Public Library and the Historical Archives are located her, among other Municipality\u2019s services.<\/p>\n<\/div><\/div><\/div><\/div><div id=\"x-section-7\" class=\"x-section\" style=\"margin: 0px;padding: 10px 0px; background-color: transparent;\"  ><div class=\"x-container max width\" style=\"margin: 0px auto;padding: 0px;\"  ><div  class=\"x-column x-sm x-1-1\" style=\"padding: 10px 0px;\" ><h2  class=\"h-custom-headline h4\" ><span>REmains of the castle<\/span><\/h2><\/div><\/div><div class=\"x-container max width\" style=\"margin: 0px auto;padding: 0px;\"  ><div  class=\"x-column x-sm x-1-1\" style=\"padding: 0px;\" ><div class=\"x-text\"  ><p>There are a few preserved remains of the old medieval fortress of Bullas, a part of a tower and several large stones from the basement. They can be seen in Peseta street. Inside some houses of the area there are also pieces of the ancient wall. <\/p>\n<\/div><\/div><\/div><\/div><div id=\"x-section-8\" class=\"x-section\" style=\"margin: 0px;padding: 10px 0px; background-color: transparent;\"  ><div class=\"x-container max width\" style=\"margin: 0px auto;padding: 0px;\"  ><div  class=\"x-column x-sm x-1-1\" style=\"padding: 10px 0px;\" ><h2  class=\"h-custom-headline h4\" ><span>PLAZA VIEJA (old square)<\/span><\/h2><\/div><\/div><div class=\"x-container max width\" style=\"margin: 0px auto;padding: 0px;\"  ><div  class=\"x-column x-sm x-1-1\" style=\"padding: 0px;\" ><div class=\"x-text\"  ><p>The <em>Plaza Vieja<\/em> (Old Square), named officially after the Lieutenant Flomesta as a tribute to this hero of the Moroccan War born in Bullas, is one of the original areas of the village which dates back to the 17th century. The famous arch and the colours of the fa\u00e7ades make this place really special, where two important events such as the <em>Encuentro<\/em> on Easter Sunday and the craft market <em>El Zacat\u00edn<\/em> every month\u2019s first Sunday.<\/p>\n<\/div><\/div><\/div><\/div><div id=\"x-section-9\" class=\"x-section\" style=\"margin: 0px;padding: 10px 0px; background-color: transparent;\"  ><div class=\"x-container max width\" style=\"margin: 0px auto;padding: 0px;\"  ><div  class=\"x-column x-sm x-1-1\" style=\"padding: 10px 0px;\" ><h2  class=\"h-custom-headline h4\" ><span>house \u2013 MUSEum Don PEPE MARSILLA <\/span><\/h2><\/div><\/div><div class=\"x-container max width\" style=\"margin: 0px auto;padding: 0px;\"  ><div  class=\"x-column x-sm x-1-1\" style=\"padding: 0px;\" ><div class=\"x-text\"  ><p>Behind the parish church there is another noble house that belonged to other old important family, the Marsilla Melgares. Reformed in 1900 by Mr. Jos\u00e9 Marsilla (commonly known as Don Pepe), later passed to his son Mr. Blas Rafael Marsilla. With a simple fa\u00e7ade, since 2006 it is a museum whose aim is the recreation of the living ways at the end of the 19th century and the beginning of the 20th one. The house has two well distinct parts, the living one (with art-noveau decoration in the main rooms) and the working area, dedicated to the different duties and also for the servants housing. One of the main spaces is the large wine cellar, perfectly preserved. <\/p>\n<\/div><\/div><\/div><\/div><div id=\"x-section-10\" class=\"x-section\" style=\"margin: 0px;padding: 10px 0px; background-color: transparent;\"  ><div class=\"x-container max width\" style=\"margin: 0px auto;padding: 0px;\"  ><div  class=\"x-column x-sm x-1-1\" style=\"padding: 10px 0px;\" ><h2  class=\"h-custom-headline h4\" ><span>CArre\u00f1o house<\/span><\/h2><\/div><\/div><div class=\"x-container max width\" style=\"margin: 0px auto;padding: 0px;\"  ><div  class=\"x-column x-sm x-1-1\" style=\"padding: 0px;\" ><div class=\"x-text\"  ><p>This building is located in Tercia street and it belongs to the old loal oligarchy, in this case the Carre\u00f1o family. It was built at the beginning of the 20th century with a very interesting fa\u00e7ade containing nice elements such as the grilles, a recreation of the Castilian ironwork of the 16th century. <\/p>\n<\/div><\/div><\/div><\/div><div id=\"x-section-11\" class=\"x-section\" style=\"margin: 0px;padding: 10px 0px; background-color: transparent;\"  ><div class=\"x-container max width\" style=\"margin: 0px auto;padding: 0px;\"  ><div  class=\"x-column x-sm x-1-1\" style=\"padding: 10px 0px;\" ><h2  class=\"h-custom-headline h4\" ><span>LA BALSA wine cellar<\/span><\/h2><\/div><\/div><div class=\"x-container max width\" style=\"margin: 0px auto;padding: 0px;\"  ><div  class=\"x-column x-sm x-1-1\" style=\"padding: 0px;\" ><div class=\"x-text\"  ><p>This is an old wine cellar not in use since the early 80\u2019s but now restored to receive visitors. It is located in the calle de la Balsa (\u201cPool street\u201d), named after a huge pool which collected the water from the old Bullas channel. <\/p>\n<p>With an origin in the 19th century, the winery facilities incorporated new equipment in 1959 modernising the traditional methods of wine making. The ground floor was exclusively dedicated to this purpose, with large half-buried jars while the upper floor was the home of the owner and today is the oficial see of the Regulating Board of the Protected Origin Designation Area \u201cBullas\u201d. <\/p>\n<\/div><\/div><\/div><\/div><div id=\"x-section-12\" class=\"x-section\" style=\"margin: 0px;padding: 10px 0px; background-color: transparent;\"  ><div class=\"x-container max width\" style=\"margin: 0px auto;padding: 0px;\"  ><div  class=\"x-column x-sm x-1-1\" style=\"padding: 10px 0px;\" ><h2  class=\"h-custom-headline h4\" ><span>roman villa of LOS CANTOs<\/span><\/h2><\/div><\/div><div class=\"x-container max width\" style=\"margin: 0px auto;padding: 0px;\"  ><div  class=\"x-column x-sm x-1-1\" style=\"padding: 0px;\" ><div class=\"x-text\"  ><p>The territory of Bullas has various archaeological sites from different periods (Chalcolitic, Argaric, Roman, Arab\u2026 ) but the most important one is by far the Roman villa of Los Cantos. It is a large farmhouse with an origin about the 1st century AD and settled until the 5th century. The villa\u2019s space is formed by several areas: the pars urbana, where de <em>domus<\/em> or owner\u2019s residence is located, the baths and the pars <em>frumentaria<\/em> or industrial zone, dedicated to the manufactures and the storage of the agricultural and livestock production.<\/p>\n<p>One of the particularities of the domus building is a South-oriented enclosed balcony, open to the best views (Sierra Espu\u00f1a and the mount Castellar). At the beginning of the 20th century four children sculptures made in white marble here discovered here. One of them is the famous <em>Ni\u00f1o de las Uvas<\/em> (Child of the Grapes).<\/p>\n<\/div><\/div><\/div><\/div><\/div>\n","protected":false},"excerpt":{"rendered":"","protected":false},"author":5,"featured_media":0,"parent":0,"menu_order":0,"comment_status":"closed","ping_status":"closed","template":"template-blank-4.php","meta":[],"yoast_head":"<!-- This site is optimized with the Yoast SEO plugin v16.6.1 - https:\/\/yoast.com\/wordpress\/plugins\/seo\/ -->\n<meta name=\"robots\" content=\"index, follow, max-snippet:-1, max-image-preview:large, max-video-preview:-1\" \/>\n<link rel=\"canonical\" href=\"https:\/\/bullas.es\/turismo\/en\/artistic_archaeological_heritage\/\" \/>\n<meta property=\"og:locale\" content=\"en_US\" \/>\n<meta property=\"og:type\" content=\"article\" \/>\n<meta property=\"og:title\" content=\"Artistic and Archaeological Heritage - Turismo de Bullas\" \/>\n<meta property=\"og:url\" content=\"https:\/\/bullas.es\/turismo\/en\/artistic_archaeological_heritage\/\" \/>\n<meta property=\"og:site_name\" content=\"Turismo de Bullas\" \/>\n<meta property=\"article:publisher\" content=\"https:\/\/es-es.facebook.com\/TurismoBullas\/\" \/>\n<meta property=\"article:modified_time\" content=\"2017-09-05T16:13:36+00:00\" \/>\n<meta property=\"og:image\" content=\"http:\/\/bullas.es\/turismo\/wp-content\/uploads\/sites\/2\/2016\/12\/patrimonio1.jpg\" \/>\n<meta name=\"twitter:card\" content=\"summary\" \/>\n<meta name=\"twitter:site\" content=\"@turismobullas\" \/>\n<meta name=\"twitter:label1\" content=\"Est. reading time\" \/>\n\t<meta name=\"twitter:data1\" content=\"12 minutes\" \/>\n<script type=\"application\/ld+json\" class=\"yoast-schema-graph\">{\"@context\":\"https:\/\/schema.org\",\"@graph\":[{\"@type\":\"WebSite\",\"@id\":\"https:\/\/bullas.es\/turismo\/#website\",\"url\":\"https:\/\/bullas.es\/turismo\/\",\"name\":\"Turismo de Bullas\",\"description\":\"Bullas Bodega Natural\",\"potentialAction\":[{\"@type\":\"SearchAction\",\"target\":{\"@type\":\"EntryPoint\",\"urlTemplate\":\"https:\/\/bullas.es\/turismo\/?s={search_term_string}\"},\"query-input\":\"required name=search_term_string\"}],\"inLanguage\":\"en-US\"},{\"@type\":\"ImageObject\",\"@id\":\"https:\/\/bullas.es\/turismo\/en\/artistic_archaeological_heritage\/#primaryimage\",\"inLanguage\":\"en-US\",\"url\":\"http:\/\/bullas.es\/turismo\/wp-content\/uploads\/sites\/2\/2016\/12\/patrimonio1.jpg\",\"contentUrl\":\"http:\/\/bullas.es\/turismo\/wp-content\/uploads\/sites\/2\/2016\/12\/patrimonio1.jpg\"},{\"@type\":\"WebPage\",\"@id\":\"https:\/\/bullas.es\/turismo\/en\/artistic_archaeological_heritage\/#webpage\",\"url\":\"https:\/\/bullas.es\/turismo\/en\/artistic_archaeological_heritage\/\",\"name\":\"Artistic and Archaeological Heritage - Turismo de Bullas\",\"isPartOf\":{\"@id\":\"https:\/\/bullas.es\/turismo\/#website\"},\"primaryImageOfPage\":{\"@id\":\"https:\/\/bullas.es\/turismo\/en\/artistic_archaeological_heritage\/#primaryimage\"},\"datePublished\":\"2016-11-23T22:44:40+00:00\",\"dateModified\":\"2017-09-05T16:13:36+00:00\",\"breadcrumb\":{\"@id\":\"https:\/\/bullas.es\/turismo\/en\/artistic_archaeological_heritage\/#breadcrumb\"},\"inLanguage\":\"en-US\",\"potentialAction\":[{\"@type\":\"ReadAction\",\"target\":[\"https:\/\/bullas.es\/turismo\/en\/artistic_archaeological_heritage\/\"]}]},{\"@type\":\"BreadcrumbList\",\"@id\":\"https:\/\/bullas.es\/turismo\/en\/artistic_archaeological_heritage\/#breadcrumb\",\"itemListElement\":[{\"@type\":\"ListItem\",\"position\":1,\"name\":\"Portada\",\"item\":\"https:\/\/bullas.es\/turismo\/\"},{\"@type\":\"ListItem\",\"position\":2,\"name\":\"Artistic and Archaeological Heritage\"}]}]}<\/script>\n<!-- \/ Yoast SEO plugin. -->","_links":{"self":[{"href":"https:\/\/bullas.es\/turismo\/en\/wp-json\/wp\/v2\/pages\/1265"}],"collection":[{"href":"https:\/\/bullas.es\/turismo\/en\/wp-json\/wp\/v2\/pages"}],"about":[{"href":"https:\/\/bullas.es\/turismo\/en\/wp-json\/wp\/v2\/types\/page"}],"author":[{"embeddable":true,"href":"https:\/\/bullas.es\/turismo\/en\/wp-json\/wp\/v2\/users\/5"}],"replies":[{"embeddable":true,"href":"https:\/\/bullas.es\/turismo\/en\/wp-json\/wp\/v2\/comments?post=1265"}],"version-history":[{"count":0,"href":"https:\/\/bullas.es\/turismo\/en\/wp-json\/wp\/v2\/pages\/1265\/revisions"}],"wp:attachment":[{"href":"https:\/\/bullas.es\/turismo\/en\/wp-json\/wp\/v2\/media?parent=1265"}],"curies":[{"name":"wp","href":"https:\/\/api.w.org\/{rel}","templated":true}]}}