{"id":1311,"date":"2016-11-23T22:45:08","date_gmt":"2016-11-23T22:45:08","guid":{"rendered":"http:\/\/bullas.es\/turismo\/fiestas-y-tradiciones\/"},"modified":"2017-09-11T14:56:41","modified_gmt":"2017-09-11T14:56:41","slug":"feasts-ands-traditions","status":"publish","type":"page","link":"https:\/\/bullas.es\/turismo\/en\/feasts-ands-traditions\/","title":{"rendered":"FEASTS AND TRADITIONS"},"content":{"rendered":"<div id=\"cs-content\" class=\"cs-content\" ><div id=\"x-section-1\" class=\"x-section\" style=\"margin: 0px;padding: 10px 0px; background-color: transparent;\"  ><div class=\"x-container max width\" style=\"margin: 0px auto;padding: 0px;\"  ><div  class=\"x-column x-sm x-1-1\" style=\"padding: 0px;\" ><h1  class=\"h-custom-headline h2\" ><span>FEASTS AND TRADITIONS<\/span><\/h1><\/div><\/div><div class=\"x-container max width\" style=\"margin: 0px auto;padding: 0px;\"  ><div  class=\"x-column x-sm x-1-1\" style=\"padding: 0px;\" ><img  class=\"x-img x-img-none\"  src=\"http:\/\/bullas.es\/turismo\/wp-content\/uploads\/sites\/2\/2016\/12\/ni\u00f1o_parra_larga1920x100.png\" ><\/div><\/div><div class=\"x-container max width\" style=\"margin: 0px auto;padding: 0px;\"  ><div  class=\"x-column x-sm x-1-1\" style=\"padding: 0px;\" ><img  class=\"x-img x-img-none\"  src=\"http:\/\/bullas.es\/turismo\/wp-content\/uploads\/sites\/2\/2016\/12\/fiestas-1.jpg\" ><\/div><\/div><div class=\"x-container max width\" style=\"margin: 0px auto;padding: 0px;\"  ><div  class=\"x-column x-sm x-1-1\" style=\"padding: 0px;\" ><hr  class=\"x-hr\" style=\"border-top-width: 1px;\"><\/div><\/div><\/div><div id=\"x-section-2\" class=\"x-section\" style=\"margin: 0px;padding: 10px 0px; background-color: transparent;\"  ><div class=\"x-container max width\" style=\"margin: 0px auto;padding: 0px;\"  ><div  class=\"x-column x-sm x-1-1\" style=\"padding: 0px;\" ><div class=\"x-text\"  ><p>The calendar of feasts and traditions in Bullas and La Copa is wide and assorted. Throughout the year, celebrations with an ancient origin combine with other more modern, always a real invitation to participate in them together with the local population. <\/p>\n<\/div><\/div><\/div><div class=\"x-container max width\" style=\"margin: 0px auto;padding: 0px;\"  ><div  class=\"x-column x-sm x-1-1\" style=\"padding: 0px;\" ><div class=\"x-flexslider-shortcode-container with-container\"><div  class=\"x-flexslider x-flexslider-shortcode x-flexslider-shortcode-1\" data-x-element=\"slider\" data-x-params=\"{&quot;animation&quot;:&quot;fade&quot;,&quot;reverse&quot;:false,&quot;slideTime&quot;:&quot;4000&quot;,&quot;slideSpeed&quot;:&quot;1000&quot;,&quot;controlNav&quot;:false,&quot;prevNextNav&quot;:true,&quot;slideshow&quot;:true,&quot;random&quot;:true,&quot;touch&quot;:true,&quot;pauseOnHover&quot;:true}\"  ><ul class=\"x-slides\"><li  class=\"x-slide\" ><img src=\"http:\/\/bullas.es\/turismo\/wp-content\/uploads\/sites\/2\/2016\/12\/fiestas1-1.jpg\" alt=\"Fiestas y tradiciones\"><\/li><li  class=\"x-slide\" ><img src=\"http:\/\/bullas.es\/turismo\/wp-content\/uploads\/sites\/2\/2016\/12\/fiestas2.jpg\" alt=\"Fiestas y tradiciones\"><\/li><li  class=\"x-slide\" ><img src=\"http:\/\/bullas.es\/turismo\/wp-content\/uploads\/sites\/2\/2016\/12\/fiestas3.jpg\" alt=\"Fiestas y tradiciones\"><\/li><li  class=\"x-slide\" ><img src=\"http:\/\/bullas.es\/turismo\/wp-content\/uploads\/sites\/2\/2016\/12\/fiestas4.jpg\" alt=\"Fiestas y tradiciones\"><\/li><li  class=\"x-slide\" ><img src=\"http:\/\/bullas.es\/turismo\/wp-content\/uploads\/sites\/2\/2016\/12\/fiestas5.jpg\" alt=\"Fiestas y tradiciones\"><\/li><li  class=\"x-slide\" ><img src=\"http:\/\/bullas.es\/turismo\/wp-content\/uploads\/sites\/2\/2016\/12\/fiestas6.jpg\" alt=\"Fiestas y tradiciones\"><\/li><li  class=\"x-slide\" ><img src=\"http:\/\/bullas.es\/turismo\/wp-content\/uploads\/sites\/2\/2016\/12\/fiestas7.jpg\" alt=\"Fiestas y tradiciones\"><\/li><li  class=\"x-slide\" ><img src=\"http:\/\/bullas.es\/turismo\/wp-content\/uploads\/sites\/2\/2016\/12\/fiestas8.jpg\" alt=\"Fiestas y tradiciones\"><\/li><li  class=\"x-slide\" ><img src=\"http:\/\/bullas.es\/turismo\/wp-content\/uploads\/sites\/2\/2016\/12\/fiestas9.jpg\" alt=\"Fiestas y tradiciones\"><\/li><li  class=\"x-slide\" ><img src=\"http:\/\/bullas.es\/turismo\/wp-content\/uploads\/sites\/2\/2016\/12\/fiestas10.jpg\" alt=\"Fiestas y tradiciones\"><\/li><li  class=\"x-slide\" ><img src=\"http:\/\/bullas.es\/turismo\/wp-content\/uploads\/sites\/2\/2016\/12\/fiestas11.jpg\" alt=\"Fiestas y tradiciones\"><\/li><li  class=\"x-slide\" ><img src=\"http:\/\/bullas.es\/turismo\/wp-content\/uploads\/sites\/2\/2016\/12\/fiestas12.jpg\" alt=\"Fiestas y tradiciones\"><\/li><li  class=\"x-slide\" ><img src=\"http:\/\/bullas.es\/turismo\/wp-content\/uploads\/sites\/2\/2016\/12\/fiestas13.jpg\" alt=\"Fiestas y tradiciones\"><\/li><li  class=\"x-slide\" ><img src=\"http:\/\/bullas.es\/turismo\/wp-content\/uploads\/sites\/2\/2016\/12\/fiestas14.jpg\" alt=\"Fiestas y tradiciones\"><\/li><\/ul><\/div><\/div><\/div><\/div><\/div><div id=\"x-section-3\" class=\"x-section\" style=\"margin: 0px;padding: 10px 0px; background-color: transparent;\"  ><div class=\"x-container max width\" style=\"margin: 0px auto;padding: 0px;\"  ><div  class=\"x-column x-sm x-1-1\" style=\"padding: 10px 0px 0px;\" ><h2  class=\"h-custom-headline h4\" ><span>Feast of san ant\u00f3n in la copa<\/span><\/h2><\/div><\/div><div class=\"x-container max width\" style=\"margin: 0px auto;padding: 0px;\"  ><div  class=\"x-column x-sm x-1-1\" style=\"padding: 0px;\" ><div class=\"x-text\"  ><p>This feast is celebrated in La Copa de Bullas on the closest weekend to the 17th of January, Saint Anthony the Great, popularly known as San Ant\u00f3n. On Saturday night there is a sampling of pork products beside a great bonfire and on Sunday morning is the time for the typical \u201cAuction\u201d of traditional products in the Plaza de la Paz. In the afternoon everyone meets around the \u201cInnocent\u201d, a peculiar car\u00e1cter responsible of organising and hosting the \u201cbid dance\u201d, a real relic of the regional folklore. <\/p>\n<\/div><\/div><\/div><\/div><div id=\"x-section-4\" class=\"x-section\" style=\"margin: 0px;padding: 10px 0px; background-color: transparent;\"  ><div class=\"x-container max width\" style=\"margin: 0px auto;padding: 0px;\"  ><div  class=\"x-column x-sm x-1-1\" style=\"padding: 10px 0px 0px;\" ><h2  class=\"h-custom-headline h4\" ><span>CARNiVAL<\/span><\/h2><\/div><\/div><div class=\"x-container max width\" style=\"margin: 0px auto;padding: 0px;\"  ><div  class=\"x-column x-sm x-1-1\" style=\"padding: 0px;\" ><div class=\"x-text\"  ><p>Carnival has traditionally been a great event in Bullas as plenty of people disguised as \u201cm\u00e1scaras\u201d and popular troupes. Nowadays the celebration has been renewed by joining costume parties and the parade with the participation of the general public and that for the school children. <\/p>\n<\/div><\/div><\/div><\/div><div id=\"x-section-5\" class=\"x-section\" style=\"margin: 0px;padding: 10px 0px; background-color: transparent;\"  ><div class=\"x-container max width\" style=\"margin: 0px auto;padding: 0px;\"  ><div  class=\"x-column x-sm x-1-1\" style=\"padding: 10px 0px 0px;\" ><h2  class=\"h-custom-headline h4\" ><span>holy week<\/span><\/h2><\/div><\/div><div class=\"x-container max width\" style=\"margin: 0px auto;padding: 0px;\"  ><div  class=\"x-column x-sm x-1-1\" style=\"padding: 0px;\" ><div class=\"x-text\"  ><p>The Holy Week is one of the most participative celebrations of Bullas. There are five brotherhoods identified with a colour which in order of age are Nuestra Se\u00f1ora de los Dolores (The Blacks), San Juan Evangelista (The Whites), Nuestro Padre Jes\u00fas Nazareno (The Purples), Precios\u00edsima Sangre de Nuestro Se\u00f1or Jesucristo (The Reds) and Santiago Ap\u00f3stol (The Greens). All of them participate in the four processions that are Prendimiento (Maundy Thursday in the evening), Nuestro Padre Jes\u00fas Nazareno (Good Friday in the morning), Santo Entierro (Good Friday in the evening) and Resucitado (Easter Sunday in the morning). The traditional \u201cEncuentro\u201d of the Plaza Vieja takes place in the context of this last procession, creating the most colorist and emotional momento of the Holy Week of Bullas. <\/p>\n<\/div><\/div><\/div><\/div><div id=\"x-section-6\" class=\"x-section\" style=\"margin: 0px;padding: 10px 0px; background-color: transparent;\"  ><div class=\"x-container max width\" style=\"margin: 0px auto;padding: 0px;\"  ><div  class=\"x-column x-sm x-1-1\" style=\"padding: 10px 0px 0px;\" ><h2  class=\"h-custom-headline h4\" ><span>Feast of  SAN MARCOS<\/span><\/h2><\/div><\/div><div class=\"x-container max width\" style=\"margin: 0px auto;padding: 0px;\"  ><div  class=\"x-column x-sm x-1-1\" style=\"padding: 0px;\" ><div class=\"x-text\"  ><p>This mass event is celebrated on the last April\u2019s weekend and has its origin in the Rogation days to pray for the rain which took place every 25th of April, Saint Mark\u2019s Day. From a simple procession and a celebration of the local farmers the festival has evolved in the last decades to a very participative event that still praises the agricultural tradition of Bullas with a parade with dozens of floats decorated in the traditional way as its members wear the regional clothing. The original procession with the images of Saint Isidro Labrador and her wife Saint Mary de la Cabeza, Saint John and the patroness Our Lady of the Rosary precede the parade and go to the Murta area for the also traditional Blessing of the Fields. The area of La Rafa later becomes the centre of the feast with the typical rural lunch and other playful activities.<\/p>\n<\/div><\/div><\/div><\/div><div id=\"x-section-7\" class=\"x-section\" style=\"margin: 0px;padding: 10px 0px; background-color: transparent;\"  ><div class=\"x-container max width\" style=\"margin: 0px auto;padding: 0px;\"  ><div  class=\"x-column x-sm x-1-1\" style=\"padding: 10px 0px 0px;\" ><h2  class=\"h-custom-headline h4\" ><span>Saint john\u2019s night<\/span><\/h2><\/div><\/div><div class=\"x-container max width\" style=\"margin: 0px auto;padding: 0px;\"  ><div  class=\"x-column x-sm x-1-1\" style=\"padding: 0px;\" ><div class=\"x-text\"  ><p>The most magical night of the year, from the 23rd to the 24th of June, has a special meaning in Bullas. Plenty of ancient rituals are developed, like the making of the \u201csweet nuts wine\u201d, to be sampled the following Christmas, just six months later. At midnight the recreation of an old leyend takes place, the \u201cMora del Castellar\u201d, the Arab princess who faithful to the tradition goes down to the Salto del Usero, what is seen by hundreds of people.<\/p>\n<\/div><\/div><\/div><\/div><div id=\"x-section-8\" class=\"x-section\" style=\"margin: 0px;padding: 10px 0px; background-color: transparent;\"  ><div class=\"x-container max width\" style=\"margin: 0px auto;padding: 0px;\"  ><div  class=\"x-column x-sm x-1-1\" style=\"padding: 10px 0px 0px;\" ><h2  class=\"h-custom-headline h4\" ><span>la copa patronal feast<\/span><\/h2><\/div><\/div><div class=\"x-container max width\" style=\"margin: 0px auto;padding: 0px;\"  ><div  class=\"x-column x-sm x-1-1\" style=\"padding: 0px;\" ><div class=\"x-text\"  ><p>La Copa honours its patroness Nuestra Se\u00f1ora de la Consolaci\u00f3n and del Perpetuo Socorro during the first weekend of September. \u201cMigas\u201d night, the \u201cDiana\u201d (with plenty of water), parades, processions and some other events give colour tho the streets of the village envolving actively to all its people.\u00a0\u00a0 <\/p>\n<\/div><\/div><\/div><\/div><div id=\"x-section-9\" class=\"x-section\" style=\"margin: 0px;padding: 10px 0px; background-color: transparent;\"  ><div class=\"x-container max width\" style=\"margin: 0px auto;padding: 0px;\"  ><div  class=\"x-column x-sm x-1-1\" style=\"padding: 10px 0px 0px;\" ><h2  class=\"h-custom-headline h4\" ><span>wine feast<\/span><\/h2><\/div><\/div><div class=\"x-container max width\" style=\"margin: 0px auto;padding: 0px;\"  ><div  class=\"x-column x-sm x-1-1\" style=\"padding: 0px;\" ><div class=\"x-text\"  ><p>The Wine Feast started in 2001 in coincidence with the grape harvest time and the previous days to the Patronal Feast of Bullas, as it takes place at the end of September. Live performances, guided tours, exhibitions, concerts, gastronomic events and the yearly appointment of the Wine Master are among the many activities organized to celebrate the long wine tradition in Bullas. <\/p>\n<\/div><\/div><\/div><\/div><div id=\"x-section-10\" class=\"x-section\" style=\"margin: 0px;padding: 10px 0px; background-color: transparent;\"  ><div class=\"x-container max width\" style=\"margin: 0px auto;padding: 0px;\"  ><div  class=\"x-column x-sm x-1-1\" style=\"padding: 10px 0px 0px;\" ><h2  class=\"h-custom-headline h4\" ><span>bullas patronal feast <\/span><\/h2><\/div><\/div><div class=\"x-container max width\" style=\"margin: 0px auto;padding: 0px;\"  ><div  class=\"x-column x-sm x-1-1\" style=\"padding: 0px;\" ><div class=\"x-text\"  ><p>Bullas celebrates the Patronal Feast in honour of Our Lady of the Rosary on the first October\u2019s Sunday, with events taking place from the previous Friday to the following Tuesday. The week before, the \u201cT\u00edo de la Pita\u201d announces the coming of the feast walking through the streets and every evening after the mass from the Town Hall\u2019s balcony. In his music repertoire is the traditional song \u201cEl Manuel\u201d.\u00a0<br \/>\nAfter the \u201cMigas Night\u201d on Friday evening, the Saturday\u2019s dawn marks the start of the \u201cDiana\u201d, a particular parade with festive music and flour and eggs applied on all the participants. The floats parade on Monday afternoon and the Floral Offering to the Patroness on Tuesday morning are other important moments apart of the religious celebrations. <\/p>\n<\/div><\/div><\/div><\/div><div id=\"x-section-11\" class=\"x-section\" style=\"margin: 0px;padding: 10px 0px; background-color: transparent;\"  ><div class=\"x-container max width\" style=\"margin: 0px auto;padding: 0px;\"  ><div  class=\"x-column x-sm x-1-1\" style=\"padding: 10px 0px 0px;\" ><h2  class=\"h-custom-headline h4\" ><span>Feast of the PUR\u00cdSIMA CONCEPCI\u00d3N in LA COPA<\/span><\/h2><\/div><\/div><div class=\"x-container max width\" style=\"margin: 0px auto;padding: 0px;\"  ><div  class=\"x-column x-sm x-1-1\" style=\"padding: 0px;\" ><div class=\"x-text\"  ><p>On the eve of the 8th of December the group of \u201cauroros\u201d of La Copa go over the streets of the village with their ancient songs, preserving a really old tradition. In this context and since 2001, during that month\u2019s first Sunday there is a meeting of auroros where various of these groups from all over the Region of Murcia come to La Copa, creating a special atmosphere not only with the sounds dedicated to the Virgin Mary but also those regarding the nearby Christmas time.<\/p>\n<\/div><\/div><\/div><\/div><\/div>\n","protected":false},"excerpt":{"rendered":"","protected":false},"author":5,"featured_media":0,"parent":0,"menu_order":0,"comment_status":"closed","ping_status":"closed","template":"template-blank-4.php","meta":[],"yoast_head":"<!-- This site is optimized with the Yoast SEO plugin v16.6.1 - https:\/\/yoast.com\/wordpress\/plugins\/seo\/ -->\n<meta name=\"robots\" content=\"index, follow, max-snippet:-1, max-image-preview:large, max-video-preview:-1\" \/>\n<link rel=\"canonical\" href=\"https:\/\/bullas.es\/turismo\/en\/feasts-ands-traditions\/\" \/>\n<meta property=\"og:locale\" content=\"en_US\" \/>\n<meta property=\"og:type\" content=\"article\" \/>\n<meta property=\"og:title\" content=\"FEASTS AND TRADITIONS - Turismo de Bullas\" \/>\n<meta property=\"og:url\" content=\"https:\/\/bullas.es\/turismo\/en\/feasts-ands-traditions\/\" \/>\n<meta property=\"og:site_name\" content=\"Turismo de Bullas\" \/>\n<meta property=\"article:publisher\" content=\"https:\/\/es-es.facebook.com\/TurismoBullas\/\" \/>\n<meta property=\"article:modified_time\" content=\"2017-09-11T14:56:41+00:00\" \/>\n<meta property=\"og:image\" content=\"http:\/\/bullas.es\/turismo\/wp-content\/uploads\/sites\/2\/2016\/12\/fiestas1-1.jpg\" \/>\n<meta name=\"twitter:card\" content=\"summary\" \/>\n<meta name=\"twitter:site\" content=\"@turismobullas\" \/>\n<meta name=\"twitter:label1\" content=\"Est. reading time\" \/>\n\t<meta name=\"twitter:data1\" content=\"11 minutes\" \/>\n<script type=\"application\/ld+json\" class=\"yoast-schema-graph\">{\"@context\":\"https:\/\/schema.org\",\"@graph\":[{\"@type\":\"WebSite\",\"@id\":\"https:\/\/bullas.es\/turismo\/#website\",\"url\":\"https:\/\/bullas.es\/turismo\/\",\"name\":\"Turismo de Bullas\",\"description\":\"Bullas Bodega Natural\",\"potentialAction\":[{\"@type\":\"SearchAction\",\"target\":{\"@type\":\"EntryPoint\",\"urlTemplate\":\"https:\/\/bullas.es\/turismo\/?s={search_term_string}\"},\"query-input\":\"required name=search_term_string\"}],\"inLanguage\":\"en-US\"},{\"@type\":\"ImageObject\",\"@id\":\"https:\/\/bullas.es\/turismo\/en\/feasts-ands-traditions\/#primaryimage\",\"inLanguage\":\"en-US\",\"url\":\"http:\/\/bullas.es\/turismo\/wp-content\/uploads\/sites\/2\/2016\/12\/fiestas1-1.jpg\",\"contentUrl\":\"http:\/\/bullas.es\/turismo\/wp-content\/uploads\/sites\/2\/2016\/12\/fiestas1-1.jpg\"},{\"@type\":\"WebPage\",\"@id\":\"https:\/\/bullas.es\/turismo\/en\/feasts-ands-traditions\/#webpage\",\"url\":\"https:\/\/bullas.es\/turismo\/en\/feasts-ands-traditions\/\",\"name\":\"FEASTS AND TRADITIONS - Turismo de Bullas\",\"isPartOf\":{\"@id\":\"https:\/\/bullas.es\/turismo\/#website\"},\"primaryImageOfPage\":{\"@id\":\"https:\/\/bullas.es\/turismo\/en\/feasts-ands-traditions\/#primaryimage\"},\"datePublished\":\"2016-11-23T22:45:08+00:00\",\"dateModified\":\"2017-09-11T14:56:41+00:00\",\"breadcrumb\":{\"@id\":\"https:\/\/bullas.es\/turismo\/en\/feasts-ands-traditions\/#breadcrumb\"},\"inLanguage\":\"en-US\",\"potentialAction\":[{\"@type\":\"ReadAction\",\"target\":[\"https:\/\/bullas.es\/turismo\/en\/feasts-ands-traditions\/\"]}]},{\"@type\":\"BreadcrumbList\",\"@id\":\"https:\/\/bullas.es\/turismo\/en\/feasts-ands-traditions\/#breadcrumb\",\"itemListElement\":[{\"@type\":\"ListItem\",\"position\":1,\"name\":\"Portada\",\"item\":\"https:\/\/bullas.es\/turismo\/\"},{\"@type\":\"ListItem\",\"position\":2,\"name\":\"FEASTS AND TRADITIONS\"}]}]}<\/script>\n<!-- \/ Yoast SEO plugin. -->","_links":{"self":[{"href":"https:\/\/bullas.es\/turismo\/en\/wp-json\/wp\/v2\/pages\/1311"}],"collection":[{"href":"https:\/\/bullas.es\/turismo\/en\/wp-json\/wp\/v2\/pages"}],"about":[{"href":"https:\/\/bullas.es\/turismo\/en\/wp-json\/wp\/v2\/types\/page"}],"author":[{"embeddable":true,"href":"https:\/\/bullas.es\/turismo\/en\/wp-json\/wp\/v2\/users\/5"}],"replies":[{"embeddable":true,"href":"https:\/\/bullas.es\/turismo\/en\/wp-json\/wp\/v2\/comments?post=1311"}],"version-history":[{"count":0,"href":"https:\/\/bullas.es\/turismo\/en\/wp-json\/wp\/v2\/pages\/1311\/revisions"}],"wp:attachment":[{"href":"https:\/\/bullas.es\/turismo\/en\/wp-json\/wp\/v2\/media?parent=1311"}],"curies":[{"name":"wp","href":"https:\/\/api.w.org\/{rel}","templated":true}]}}