{"id":195,"date":"2016-12-12T23:26:52","date_gmt":"2016-12-12T23:26:52","guid":{"rendered":"http:\/\/bullas.es\/multisite\/turismo\/?page_id=195"},"modified":"2016-12-28T15:35:58","modified_gmt":"2016-12-28T15:35:58","slug":"politica-de-privacidad","status":"publish","type":"page","link":"https:\/\/bullas.es\/turismo\/politica-de-privacidad\/","title":{"rendered":"Pol\u00edtica de Privacidad"},"content":{"rendered":"<div id=\"cs-content\" class=\"cs-content\" ><div id=\"x-section-1\" class=\"x-section\" style=\"margin: 0px;padding: 10px 0px; background-color: transparent;\"  ><div class=\"x-container max width\" style=\"margin: 0px auto;padding: 0px;\"  ><div  class=\"x-column x-sm x-1-1\" style=\"padding: 0px;\" ><h1  class=\"h-custom-headline h2\" ><span>Pol\u00edtica de Privacidad<\/span><\/h1><\/div><\/div><div class=\"x-container max width\" style=\"margin: 0px auto;padding: 0px;\"  ><div  class=\"x-column x-sm x-1-1\" style=\"padding: 0px;\" ><img  class=\"x-img x-img-none\"  src=\"http:\/\/bullas.es\/multisite\/turismo\/wp-content\/uploads\/sites\/2\/2016\/12\/ni\u00f1o_parra_larga1920x100.png\" ><\/div><\/div><div class=\"x-container max width\" style=\"margin: 0px auto;padding: 0px;\"  ><div  class=\"x-column x-sm x-1-1\" style=\"padding: 0px;\" ><hr  class=\"x-hr\" style=\"border-top-width: 1px;\"><\/div><\/div><\/div><div id=\"x-section-2\" class=\"x-section\" style=\"margin: 0px;padding: 10px 0px; background-color: transparent;\"  ><div class=\"x-container max width\" style=\"margin: 0px auto;padding: 0px;\"  ><div  class=\"x-column x-sm x-1-1\" style=\"padding: 0px;\" ><div class=\"x-text\"  ><p>La recogida, tratamiento, y en su caso, cesi\u00f3n de los datos personales que se introduzcan en el <strong>Portal Corporativo del Ayuntamiento de Bullas www.bullas.es<\/strong> a trav\u00e9s de cualquiera de sus secciones o apartados de recogida de datos personales se ajusta a lo establecido por la <em>Ley Org\u00e1nica 15\/1999, de 13 de Diciembre, de Protecci\u00f3n de Datos de Car\u00e1cter Personal<\/em> y su Reglamento, <em>Real Decreto 1720\/2007<\/em>, y dem\u00e1s normativa de aplicaci\u00f3n.<\/p>\n<p>Seg\u00fan lo establecido en dicha Ley le informamos que los datos que nos facilita ser\u00e1n incorporados a ficheros de titularidad y responsabilidad del Ayuntamiento de Bullas. El usuario es el \u00fanico responsable de la veracidad y de la correcci\u00f3n de los datos enviados. El Ayuntamiento de Bullas tratar\u00e1 los datos de forma confidencial y exclusivamente con la finalidad de facilitar la gesti\u00f3n informativa y administrativa propia del Ayuntamiento de Bullas para la prestaci\u00f3n de sus servicios y competencias.<\/p>\n<p>El Ayuntamiento de Bullas cancelar\u00e1 y borrar\u00e1 los datos cuando resulten inexactos, incompletos o hayan dejado de ser necesarios o pertinentes para su finalidad de conformidad con la normativa vigente en Protecci\u00f3n de Datos.<\/p>\n<p>Cuando Ud. facilita sus datos personales se entiende prestado el consentimiento para llevar a cabo el tratamiento de datos por el Ayuntamiento de Bullas con los fines antes mencionados, aunque no ser\u00e1 preciso el consentimiento cuando los datos de car\u00e1cter personal se recojan para el ejercicio de las funciones propias de las Administraciones p\u00fablicas en el \u00e1mbito de sus competencias seg\u00fan se refleja en el art. 6 de la <em>Ley Org\u00e1nica de Protecci\u00f3n de Datos<\/em>. Los datos recabados \u00fanicamente ser\u00e1n objeto de cesi\u00f3n, en su caso, previo consentimiento del interesado o de acuerdo con lo previsto en la <em>Ley Org\u00e1nica de Protecci\u00f3n de Datos<\/em> en su art\u00edculo 11.<\/p>\n<p>Se ponen a disposici\u00f3n de los interesados los formularios para poder ejercitar los derechos de acceso, rectificaci\u00f3n y cancelaci\u00f3n y oposici\u00f3n de sus datos personales en la direcci\u00f3n: <strong>EXCMO. AYUNTAMIENTO DE BULLAS, PLAZA DE ESPA\u00d1A, N\u00ba 2, 30.180 BULLAS-MURCIA<\/strong>.<\/p>\n<p>El Ayuntamiento de Bullas ha adoptado las medidas, t\u00e9cnicas, legales y organizativas necesarias para garantizar la seguridad de los datos de car\u00e1cter personal, con el fin de evitar su alteraci\u00f3n, p\u00e9rdida, tratamiento o acceso no autorizado.<\/p>\n<\/div><\/div><\/div><\/div><\/div>\n","protected":false},"excerpt":{"rendered":"","protected":false},"author":5,"featured_media":0,"parent":0,"menu_order":0,"comment_status":"closed","ping_status":"closed","template":"template-blank-4.php","meta":[],"yoast_head":"<!-- This site is optimized with the Yoast SEO plugin v16.6.1 - https:\/\/yoast.com\/wordpress\/plugins\/seo\/ -->\n<meta name=\"robots\" content=\"index, follow, max-snippet:-1, max-image-preview:large, max-video-preview:-1\" \/>\n<link rel=\"canonical\" href=\"https:\/\/bullas.es\/turismo\/politica-de-privacidad\/\" \/>\n<meta property=\"og:locale\" content=\"es_ES\" \/>\n<meta property=\"og:type\" content=\"article\" \/>\n<meta property=\"og:title\" content=\"Pol\u00edtica de Privacidad - Turismo de Bullas\" \/>\n<meta property=\"og:url\" content=\"https:\/\/bullas.es\/turismo\/politica-de-privacidad\/\" \/>\n<meta property=\"og:site_name\" content=\"Turismo de Bullas\" \/>\n<meta property=\"article:publisher\" content=\"https:\/\/es-es.facebook.com\/TurismoBullas\/\" \/>\n<meta property=\"article:modified_time\" content=\"2016-12-28T15:35:58+00:00\" \/>\n<meta name=\"twitter:card\" content=\"summary\" \/>\n<meta name=\"twitter:site\" content=\"@turismobullas\" \/>\n<meta name=\"twitter:label1\" content=\"Tiempo de lectura\" \/>\n\t<meta name=\"twitter:data1\" content=\"3 minutos\" \/>\n<script type=\"application\/ld+json\" class=\"yoast-schema-graph\">{\"@context\":\"https:\/\/schema.org\",\"@graph\":[{\"@type\":\"WebSite\",\"@id\":\"https:\/\/bullas.es\/turismo\/#website\",\"url\":\"https:\/\/bullas.es\/turismo\/\",\"name\":\"Turismo de Bullas\",\"description\":\"Bullas Bodega Natural\",\"potentialAction\":[{\"@type\":\"SearchAction\",\"target\":{\"@type\":\"EntryPoint\",\"urlTemplate\":\"https:\/\/bullas.es\/turismo\/?s={search_term_string}\"},\"query-input\":\"required name=search_term_string\"}],\"inLanguage\":\"es\"},{\"@type\":\"WebPage\",\"@id\":\"https:\/\/bullas.es\/turismo\/politica-de-privacidad\/#webpage\",\"url\":\"https:\/\/bullas.es\/turismo\/politica-de-privacidad\/\",\"name\":\"Pol\\u00edtica de Privacidad - Turismo de Bullas\",\"isPartOf\":{\"@id\":\"https:\/\/bullas.es\/turismo\/#website\"},\"datePublished\":\"2016-12-12T23:26:52+00:00\",\"dateModified\":\"2016-12-28T15:35:58+00:00\",\"breadcrumb\":{\"@id\":\"https:\/\/bullas.es\/turismo\/politica-de-privacidad\/#breadcrumb\"},\"inLanguage\":\"es\",\"potentialAction\":[{\"@type\":\"ReadAction\",\"target\":[\"https:\/\/bullas.es\/turismo\/politica-de-privacidad\/\"]}]},{\"@type\":\"BreadcrumbList\",\"@id\":\"https:\/\/bullas.es\/turismo\/politica-de-privacidad\/#breadcrumb\",\"itemListElement\":[{\"@type\":\"ListItem\",\"position\":1,\"name\":\"Portada\",\"item\":\"https:\/\/bullas.es\/turismo\/\"},{\"@type\":\"ListItem\",\"position\":2,\"name\":\"Pol\\u00edtica de Privacidad\"}]}]}<\/script>\n<!-- \/ Yoast SEO plugin. -->","_links":{"self":[{"href":"https:\/\/bullas.es\/turismo\/wp-json\/wp\/v2\/pages\/195"}],"collection":[{"href":"https:\/\/bullas.es\/turismo\/wp-json\/wp\/v2\/pages"}],"about":[{"href":"https:\/\/bullas.es\/turismo\/wp-json\/wp\/v2\/types\/page"}],"author":[{"embeddable":true,"href":"https:\/\/bullas.es\/turismo\/wp-json\/wp\/v2\/users\/5"}],"replies":[{"embeddable":true,"href":"https:\/\/bullas.es\/turismo\/wp-json\/wp\/v2\/comments?post=195"}],"version-history":[{"count":0,"href":"https:\/\/bullas.es\/turismo\/wp-json\/wp\/v2\/pages\/195\/revisions"}],"wp:attachment":[{"href":"https:\/\/bullas.es\/turismo\/wp-json\/wp\/v2\/media?parent=195"}],"curies":[{"name":"wp","href":"https:\/\/api.w.org\/{rel}","templated":true}]}}