{"id":26,"date":"2016-11-23T22:44:25","date_gmt":"2016-11-23T22:44:25","guid":{"rendered":"http:\/\/bullas.es\/multisite\/turismo\/?page_id=26"},"modified":"2016-12-29T17:48:43","modified_gmt":"2016-12-29T17:48:43","slug":"historia","status":"publish","type":"page","link":"https:\/\/bullas.es\/turismo\/historia\/","title":{"rendered":"Historia"},"content":{"rendered":"<div id=\"cs-content\" class=\"cs-content\" ><div id=\"x-section-1\" class=\"x-section\" style=\"margin: 0px;padding: 10px 0px; background-color: transparent;\"  ><div class=\"x-container max width\" style=\"margin: 0px auto;padding: 0px;\"  ><div  class=\"x-column x-sm x-2-3\" style=\"padding: 0px;\" ><h1  class=\"h-custom-headline h2\" ><span>HISTORIA DE BULLAS<\/span><\/h1><\/div><div  class=\"x-column x-sm cs-ta-center x-1-3\" style=\"padding: 0px;\" ><img  class=\"x-img x-img-none\"  src=\"\" ><\/div><\/div><div class=\"x-container max width\" style=\"margin: 0px auto;padding: 0px;\"  ><div  class=\"x-column x-sm x-1-1\" style=\"padding: 0px;\" ><img  class=\"x-img x-img-none\"  src=\"http:\/\/bullas.es\/turismo\/wp-content\/uploads\/sites\/2\/2016\/12\/ni\u00f1o_parra_larga1920x100.png\" ><\/div><\/div><div class=\"x-container max width\" style=\"margin: 0px auto;padding: 0px;\"  ><div  class=\"x-column x-sm x-1-1\" style=\"padding: 0px;\" ><img  class=\"x-img x-img-none\"  src=\"http:\/\/bullas.es\/turismo\/wp-content\/uploads\/sites\/2\/2016\/12\/historia.jpg\" ><\/div><\/div><div class=\"x-container max width\" style=\"margin: 0px auto;padding: 0px;\"  ><div  class=\"x-column x-sm x-1-1\" style=\"padding: 0px;\" ><hr  class=\"x-hr\" style=\"border-top-width: 1px;\"><\/div><\/div><\/div><div id=\"x-section-2\" class=\"x-section\" style=\"margin: 0px;padding: 10px 0px; background-color: transparent;\"  ><div class=\"x-container max width\" style=\"margin: 0px auto;padding: 0px;\"  ><div  class=\"x-column x-sm x-1-1\" style=\"padding: 10px 0px;\" ><h2  class=\"h-custom-headline h4\" ><span>ANTIG\u00dcEDAD\u00a0<\/span><\/h2><\/div><\/div><div class=\"x-container max width\" style=\"margin: 0px auto;padding: 0px;\"  ><div  class=\"x-column x-sm x-2-3\" style=\"padding: 0px;\" ><div class=\"x-text\"  ><p>Las primeras se\u00f1ales de presencia humana en las tierras que hoy conforman el municipio de Bullas se remontan al periodo Eneol\u00edtico, hace unos 5.000 a\u00f1os. Restos pertenecientes a esta \u00e9poca se han hallado en los yacimientos del Cabezo del Oro, Recl\u00edn, El Castellar, la Fuente Mula o el Pasico Ucenda. La cultura arg\u00e1rica, que domin\u00f3 el sureste de la Pen\u00ednsula Ib\u00e9rica durante la Edad del Bronce dej\u00f3 nuevos restos en los lugares anteriores, as\u00ed como en el Cabezo del Molinar y en la Fuente de la Higuera.\u00a0 <\/p>\n<p>Despu\u00e9s del periodo ib\u00e9rico hemos de llegar al a \u00e9poca romana para encontrar una ocupaci\u00f3n significativa del territorio bullense. No existi\u00f3 ciudad alguna, pero s\u00ed numerosas \u201c<em>villae<\/em>\u201d o fincas rurales que aprovechar\u00edan los numerosos manantiales de la zona para desarrollar una actividad agr\u00edcola. Vestigios de estas edificaciones han sido hallados en la Fuenblanquilla, la Fuente Mula, El Romero, Fuente de la Carrasca, La Copa y La Loma, aunque por encima de todas ellas destaca la de Los Cantos, ocupada desde el siglo I d.C. y que se mantendr\u00eda hasta las invasiones b\u00e1rbaras a principios del siglo V. <\/p>\n<p>La villa de Los Cantos ha sido lugar de importantes hallazgos arqueol\u00f3gicos, como el de cuatro esculturas de ni\u00f1os realizadas en m\u00e1rmol blanco, entre las que se encuentra el Ni\u00f1o de las Uvas, importante s\u00edmbolo local que representa a un geniecillo estacional, concretamente el propio del oto\u00f1o.\u00a0 <\/p>\n<p>No han faltado teor\u00edas disparatadas que pretend\u00edan atribuir a Bullas or\u00edgenes legendarios y una historia grandiosa. Muchos de estos datos ficticios eran obtenidos de los llamados \u201c<em>falsos cronicones<\/em>\u201d, propios de los siglos XVII y XVIII, que buscaban enaltecer las historias locales. En este contexto hemos de entender los nombres de \u201c<em>Abula Bastetana<\/em>\u201d o \u201c<em>Bulla Regia<\/em>\u201d para Bullas o la presencia de personajes como la reina Belkis o el obispo San Segundo. <\/p>\n<\/div><\/div><div  class=\"x-column x-sm x-1-3\" style=\"padding: 0px;\" ><div  class=\"x-promo\" ><div class=\"x-promo-image-wrap\"><img src=\"http:\/\/bullas.es\/turismo\/wp-content\/uploads\/sites\/2\/2016\/12\/carmesi-1.jpg\" \/><\/div><div class=\"x-promo-content\"><strong><a href=\"http:\/\/www.regmurcia.com\/servlet\/s.Sl?METHOD=BSQAVANZADA&#038;sit=c,373,m,139,serv,Carmesi&#038;archivo=808&#038;series=3247&#038;nombreSerie=Actas Capitulares\" target=\"_blank\">Actas capitulares de los siglos XVII y XVIII<\/a><\/strong><br \/>\n<em>Proyecto Carmes\u00ed<\/em><\/div><\/div><div  class=\"x-promo\" ><div class=\"x-promo-image-wrap\"><img src=\"http:\/\/bullas.es\/turismo\/wp-content\/uploads\/sites\/2\/2016\/12\/familysearch.jpg\" \/><\/div><div class=\"x-promo-content\"><a href=\"https:\/\/familysearch.org\/search\/image\/index?owc=9PKD-GPD%3A141480201%2C153194001%2C142397402%3Fcc%3D1784529\" target=\"_blank\"><strong>Archivos parroquiales de Bullas<\/strong><\/a><br \/>\n<em>FamilySearch.org<\/em><\/div><\/div><\/div><\/div><\/div><div id=\"x-section-3\" class=\"x-section\" style=\"margin: 0px;padding: 10px 0px; background-color: transparent;\"  ><div class=\"x-container max width\" style=\"margin: 0px auto;padding: 0px;\"  ><div  class=\"x-column x-sm x-1-1\" style=\"padding: 10px 0px;\" ><h2  class=\"h-custom-headline h4\" ><span>LA EDAD MEDIA <\/span><\/h2><\/div><\/div><div class=\"x-container max width\" style=\"margin: 0px auto;padding: 0px;\"  ><div  class=\"x-column x-sm x-1-1\" style=\"padding: 0px;\" ><div class=\"x-text\"  ><p>Tras el abandono de las villas romanas sobreviene un periodo oscuro en cuanto a los datos existentes sobre el devenir de las tierras de Bullas en la Alta Edad Media. Esta zona deshabitada permanecer\u00eda a la sombra de la no demasiado lejana ciudad de Begastri, entonces sede episcopal.\u00a0 <\/p>\n<p>Hemos de esperar a la dominaci\u00f3n musulmana cuando en los siglos XI o XII tenga lugar la construcci\u00f3n del castillo de Bullas, emplazado en lo que hoy es el casco antiguo de la localidad. Por la misma \u00e9poca se levantar\u00eda el peque\u00f1o recinto amurallado que dominar\u00eda el territorio desde la Piedra del Castellar, lo<br \/>\nque es conocido como \u201c<em>El Castillico<\/em>\u201d. Bullas fue fundaci\u00f3n musulmana, por lo que lo m\u00e1s l\u00f3gico sea que su nombre tenga un origen \u00e1rabe y no latino como se ha venido afirmando tradicionalmente (<em>bullae<\/em> = burbujas, por la notable presencia de fuentes en sus tierras). <\/p>\n<p>A mediados del siglo XIII tiene lugar la conquista del Reino de Murcia por las tropas castellanas. Y es en este momento cuando aparece por primera vez mencionado el nombre de Bullas, en un documento fechado el 22 de julio de 1254 por el que se cede a Mula el castillo de Bullas. Unos a\u00f1os despu\u00e9s ser\u00eda integrada, junto con Caravaca y Ceheg\u00edn, a la Orden del Temple. Bajo el dominio templario tuvo lugar la \u00fanica batalla recogida en las cr\u00f3nicas que acaeci\u00f3 en Bullas. Al\u00ed Mohamed, procedente de Hu\u00e9scar, atac\u00f3 la fortaleza, obligando a huir al comendador Bermudo Men\u00e9ndez. <\/p>\n<p>En el siglo XIV, tras la extinci\u00f3n del Temple, Bullas y el resto de la comarca pasan al dominio de la Orden de Santiago, a quien pertenecer\u00eda durante m\u00e1s de 500 a\u00f1os. En 1347 el castillo de Bullas se hallaba en ruinas. Ruy Chac\u00f3n, comendador de Caravaca, presenta un proyecto para reconstruirlo en un plazo de tres a\u00f1os. Pero todo qued\u00f3 en agua de borrajas, ya que al a\u00f1o siguiente se produjo la terrible epidemia de peste que diezm\u00f3 la poblaci\u00f3n de Europa entera. Bullas probablemente estaba ya despoblada, pero el abandono de aquel proyecto de reconstrucci\u00f3n conden\u00f3 al castillo a permanecer como un mont\u00f3n de ruinas durante m\u00e1s de dos siglos. En 1398 se dividir\u00edan las tierras de Bullas entre Ceheg\u00edn y Mula, y en 1444 Bullas pasar\u00eda definitivamente a pertenecer a la villa de Ceheg\u00edn. <\/p>\n<\/div><\/div><\/div><\/div><div id=\"x-section-4\" class=\"x-section\" style=\"margin: 0px;padding: 10px 0px; background-color: transparent;\"  ><div class=\"x-container max width\" style=\"margin: 0px auto;padding: 0px;\"  ><div  class=\"x-column x-sm x-1-1\" style=\"padding: 10px 0px;\" ><h2  class=\"h-custom-headline h4\" ><span>EL SIGLO XVII. EL RENACER DE BULLAS <\/span><\/h2><\/div><\/div><div class=\"x-container max width\" style=\"margin: 0px auto;padding: 0px;\"  ><div  class=\"x-column x-sm x-1-1\" style=\"padding: 0px;\" ><div class=\"x-text\"  ><p>Bullas permaneci\u00f3 como un despoblado hasta finales del siglo XVI. Sus tierras eran de propietarios cehegineros. Poco a poco, el entorno del viejo recinto medieval se fue repoblando, ya que los labradores preferir\u00edan vivir cerca de las tierras que trabajaban. Los nuevos pobladores construyeron sus viviendas sobre las ruinas del castillo (raz\u00f3n de la inexistencia actual de la antigua fortaleza). A mediados del siglo XVII, los varios centenares de habitantes de Bullas comenzaban a darse cuenta de las desventajas de todo tipo que supon\u00eda pertenecer a Ceheg\u00edn, distante tres leguas. Los primeros movimientos secesionistas se produjeron en el terreno eclesi\u00e1stico. La ermita de San Ant\u00f3n, construida en 1568 y primer templo cristiano de la localidad, no contaba con la asistencia continua de un sacerdote, que deb\u00eda venir de Ceheg\u00edn. En 1664 se consigue la ansiada segregaci\u00f3n religiosa, con la instalaci\u00f3n de una pila bautismal en la mencionada ermita, la famosa \u201c<em>pila rob\u00e1<\/em>\u201d, llamada as\u00ed porque se cuenta que varios bullenses se apoderaron de ella cuando estaba \u201csecuestrada\u201d por las autoridades cehegineras contrarias a la autonom\u00eda religiosa de Bullas.\u00a0\u00a0\u00a0\u00a0 <\/p>\n<p>Estos hechos ser\u00edan el preludio de la independencia pol\u00edtica, cuyos tr\u00e1mites se iniciaron en diciembre de 1685. Tras el notable esfuerzo que supuso el pago a la Corona de 34.832 reales y 12 maraves\u00edes, el rey Carlos II \u201cel Hechizado\u201d concedi\u00f3 el privilegio de villazgo a Bullas el 19 de diciembre de 1689, que se har\u00eda efectivo el 17 de junio de 1690, cuando el juez Jos\u00e9 de Berzosa se present\u00f3 en Bullas procedente de Madrid. Dos d\u00edas despu\u00e9s se constituy\u00f3 el primer Ayuntamiento, que se reuni\u00f3 en la Plaza Vieja. Seguidamente se elabor\u00f3 el vecindario y se delimit\u00f3 el t\u00e9rmino. La aldea de La Copa, que habr\u00eda surgido paralelamente al poblamiento de Bullas unas d\u00e9cadas antes, pidi\u00f3 ser incluida dentro de estos l\u00edmites, uniendo as\u00ed sus destinos a los de Bullas. La andadura del nuevo municipio se iniciaba sin m\u00e1s riqueza que unas pocas tierras y el trabajo de sus humildes gentes.\u00a0 <\/p>\n<\/div><\/div><\/div><\/div><div id=\"x-section-5\" class=\"x-section\" style=\"margin: 0px;padding: 10px 0px; background-color: transparent;\"  ><div class=\"x-container max width\" style=\"margin: 0px auto;padding: 0px;\"  ><div  class=\"x-column x-sm x-1-1\" style=\"padding: 10px 0px;\" ><h2  class=\"h-custom-headline h4\" ><span>EL SIGLO XVIII <\/span><\/h2><\/div><\/div><div class=\"x-container max width\" style=\"margin: 0px auto;padding: 0px;\"  ><div  class=\"x-column x-sm x-1-1\" style=\"padding: 0px;\" ><div class=\"x-text\"  ><p>Los a\u00f1os siguientes a la independencia municipal supusieron momentos de gran dinamismo para la nueva villa. Es un tiempo de crecimiento econ\u00f3mico sin demasiados conflictos que alteraran el desarrollo de la localidad.\u00a0 <\/p>\n<p>El entramado urbano comenz\u00f3 a expandirse r\u00e1pidamente, as\u00ed como su poblaci\u00f3n. Pronto se acometi\u00f3 la construcci\u00f3n de los edificios importantes que el pueblo necesitaba. Primero fue la iglesia, que vendr\u00eda a sustituir a la vieja ermita de San Ant\u00f3n. En 1723 se finaliz\u00f3 el templo parroquial que ser\u00eda puesto bajo la advocaci\u00f3n de Nuestra Se\u00f1ora del Rosario tras ser elegida democr\u00e1ticamente por las gentes de Bullas. A\u00f1os m\u00e1s tarde se proceder\u00eda a construir el matadero, el p\u00f3sito o almac\u00e9n del trigo para tiempos de escasez, el edificio del ayuntamiento y la c\u00e1rcel. <\/p>\n<\/div><\/div><\/div><\/div><div id=\"x-section-6\" class=\"x-section\" style=\"margin: 0px;padding: 10px 0px; background-color: transparent;\"  ><div class=\"x-container max width\" style=\"margin: 0px auto;padding: 0px;\"  ><div  class=\"x-column x-sm x-1-1\" style=\"padding: 10px 0px;\" ><h2  class=\"h-custom-headline h4\" ><span>EL SIGLO XIX <\/span><\/h2><\/div><\/div><div class=\"x-container max width\" style=\"margin: 0px auto;padding: 0px;\"  ><div  class=\"x-column x-sm x-1-1\" style=\"padding: 0px;\" ><div class=\"x-text\"  ><p>La nueva centuria dio comienzo con la remodelaci\u00f3n de la iglesia parroquial que le dar\u00eda su imagen actual presidida por su vistosa torre. No fue esta una \u00e9poca f\u00e1cil para los habitantes de Bullas, que se vieron afectados por diversas epidemias a lo largo de todo el siglo. De tercianas en 1802 y 1817, de disenter\u00eda infantil en 1821, de c\u00f3lera en 1855 y 1885. Estas diezmaron a la poblaci\u00f3n bullense que poco pod\u00eda hacer ante ellas en medio de una miseria generalizada. <\/p>\n<p>Tambi\u00e9n fueron frecuentes los conflictos por el agua del r\u00edo Mula con la localidad del mismo nombre, que provocaron m\u00e1s de un pleito y alg\u00fan que otro enfrentamiento. En otro orden de cosas, se dejaron de pagar los diezmos a la Orden de Santiago en 1841. El siglo acab\u00f3 con la plaga de filoxera que devast\u00f3<br \/>\nlos vi\u00f1edos de la comarca, suponiendo un verdadero problema para la econom\u00eda local.\u00a0 <\/p>\n<p>Pero el final del siglo XIX tambi\u00e9n una \u00e9poca de grandes proyectos p\u00fablicos. La oligarqu\u00eda local, con apellidos como Carre\u00f1o, Melgares y Marsilla, fueron muchas veces los encargados de llevarlos a cabo. No es de extra\u00f1ar dado que ellos eran los que controlaban el Ayuntamiento, ten\u00edan los medios para hacerlo y a posteriori ellos mismos se convert\u00edan en los principales beneficiarios de los mismos. <\/p>\n<p>El actual cementerio (que vino a sustituir al antiguo del Para\u00edso, habilitado en 1812), fue construido en 1885. El lavadero p\u00fablico se levant\u00f3 en 1894 mientras que las conexiones telef\u00f3nica y telegr\u00e1fica son de 1897. La luz el\u00e9ctrica llegar\u00eda a Bullas en 1900, el mismo a\u00f1o en que tuvo lugar la construcci\u00f3n de la Torre del Reloj, llevada a cabo como proyecto privado del entonces alcalde Joaqu\u00edn Carre\u00f1o G\u00f3ngora y dirigida a regular las tandas de riego en la cercana huerta del Calder\u00f3n. <\/p>\n<\/div><\/div><\/div><\/div><div id=\"x-section-7\" class=\"x-section\" style=\"margin: 0px;padding: 10px 0px; background-color: transparent;\"  ><div class=\"x-container max width\" style=\"margin: 0px auto;padding: 0px;\"  ><div  class=\"x-column x-sm x-1-1\" style=\"padding: 10px 0px;\" ><h2  class=\"h-custom-headline h4\" ><span>EL SIGLO XX <\/span><\/h2><\/div><\/div><div class=\"x-container max width\" style=\"margin: 0px auto;padding: 0px;\"  ><div  class=\"x-column x-sm x-1-1\" style=\"padding: 0px;\" ><div class=\"x-text\"  ><p>Bullas fue arrastrada a lo largo del siglo XX por los mismos avatares y convulsiones que vivi\u00f3 el resto de Espa\u00f1a. Durante el primer tercio se asisti\u00f3 a una cierta estabilidad social y econ\u00f3mica. <\/p>\n<p>La proclamaci\u00f3n de la Segunda Rep\u00fablica en 1931 comenz\u00f3 a dejar ver la polarizaci\u00f3n pol\u00edtica a la que se ve\u00eda abocada Bullas junto con el pa\u00eds entero. La situaci\u00f3n se desbord\u00f3 tras el estallido de la Guerra Civil en julio de 1936. Bullas qued\u00f3 en la zona republicana y as\u00ed seguir\u00eda hasta el final del conflicto. Los hombres j\u00f3venes marcharon al frente. M\u00e1s de 200 bullenses perecieron durante la contienda. El fragor revolucionario incaut\u00f3 sus propiedades a los terratenientes y destruy\u00f3 el ajuar del templo parroquial, aunque en l\u00edneas generales la vida en la localidad se desarrollaba en medio de una calma tensa.\u00a0 <\/p>\n<p>La llegada de la dictadura franquista supuso un momento inicial de represi\u00f3n a los sectores que hab\u00edan colaborado con la Rep\u00fablica y la vuelta a los valores tradicionales, renaciendo el fervor religioso. Eran los \u201ca\u00f1os del hambre\u201d, una dura \u00e9poca dominada por la escasez. A partir de los a\u00f1os 50 se percibi\u00f3 una peque\u00f1a mejor\u00eda, en gran medida gracias al inicio de la emigraci\u00f3n que se generalizar\u00eda en los 60. Barcelona, Madrid, Vizcaya, Francia y Alemania recibir\u00edan gran n\u00famero de trabajadores bullenses y sus familias. Esa d\u00e9cada saludar\u00eda tambi\u00e9n el inicio de la actividad de la industria agroalimentaria que vino a diversificar un poco m\u00e1s una econom\u00eda todav\u00eda basada en la agricultura. El callejero comenz\u00f3 a multiplicarse, desbord\u00e1ndose los l\u00edmites urbanos<br \/>\ntradicionales con el nacimiento de nuevos barrios (el Barrio Nuevo, el Franc\u00e9s o el del Cura). <\/p>\n<p>El \u00faltimo tercio del siglo, el del retorno a la democracia en Espa\u00f1a, signific\u00f3 un desarrollo de Bullas en todos los aspectos. La construcci\u00f3n se fue convirtiendo en uno de los motores de la actividad econ\u00f3mica y la educaci\u00f3n media y superior se fue extendiendo considerablemente. Nuevas infraestructuras fueron modernizando Bullas. En los \u00faltimos a\u00f1os del siglo, el pueblo que fue emigrante en los 60 comenz\u00f3 a ver c\u00f3mo se instalaban en \u00e9l gentes procedentes de otros lugares del mundo, principalmente Ecuador y Colombia, en busca de un mejor futuro, situaci\u00f3n que se mantuvo hasta cumplirse la primera d\u00e9cada del siglo XXI. <\/p>\n<\/div><\/div><\/div><\/div><\/div>\n","protected":false},"excerpt":{"rendered":"","protected":false},"author":5,"featured_media":0,"parent":0,"menu_order":0,"comment_status":"closed","ping_status":"closed","template":"template-blank-4.php","meta":[],"yoast_head":"<!-- This site is optimized with the Yoast SEO plugin v16.6.1 - https:\/\/yoast.com\/wordpress\/plugins\/seo\/ -->\n<meta name=\"robots\" content=\"index, follow, max-snippet:-1, max-image-preview:large, max-video-preview:-1\" \/>\n<link rel=\"canonical\" href=\"https:\/\/bullas.es\/turismo\/historia\/\" \/>\n<meta property=\"og:locale\" content=\"es_ES\" \/>\n<meta property=\"og:type\" content=\"article\" \/>\n<meta property=\"og:title\" content=\"Historia - Turismo de Bullas\" \/>\n<meta property=\"og:url\" content=\"https:\/\/bullas.es\/turismo\/historia\/\" \/>\n<meta property=\"og:site_name\" content=\"Turismo de Bullas\" \/>\n<meta property=\"article:publisher\" content=\"https:\/\/es-es.facebook.com\/TurismoBullas\/\" \/>\n<meta property=\"article:modified_time\" content=\"2016-12-29T17:48:43+00:00\" \/>\n<meta name=\"twitter:card\" content=\"summary\" \/>\n<meta name=\"twitter:site\" content=\"@turismobullas\" \/>\n<meta name=\"twitter:label1\" content=\"Tiempo de lectura\" \/>\n\t<meta name=\"twitter:data1\" content=\"15 minutos\" \/>\n<script type=\"application\/ld+json\" class=\"yoast-schema-graph\">{\"@context\":\"https:\/\/schema.org\",\"@graph\":[{\"@type\":\"WebSite\",\"@id\":\"https:\/\/bullas.es\/turismo\/#website\",\"url\":\"https:\/\/bullas.es\/turismo\/\",\"name\":\"Turismo de Bullas\",\"description\":\"Bullas Bodega Natural\",\"potentialAction\":[{\"@type\":\"SearchAction\",\"target\":{\"@type\":\"EntryPoint\",\"urlTemplate\":\"https:\/\/bullas.es\/turismo\/?s={search_term_string}\"},\"query-input\":\"required name=search_term_string\"}],\"inLanguage\":\"es\"},{\"@type\":\"WebPage\",\"@id\":\"https:\/\/bullas.es\/turismo\/historia\/#webpage\",\"url\":\"https:\/\/bullas.es\/turismo\/historia\/\",\"name\":\"Historia - Turismo de Bullas\",\"isPartOf\":{\"@id\":\"https:\/\/bullas.es\/turismo\/#website\"},\"datePublished\":\"2016-11-23T22:44:25+00:00\",\"dateModified\":\"2016-12-29T17:48:43+00:00\",\"breadcrumb\":{\"@id\":\"https:\/\/bullas.es\/turismo\/historia\/#breadcrumb\"},\"inLanguage\":\"es\",\"potentialAction\":[{\"@type\":\"ReadAction\",\"target\":[\"https:\/\/bullas.es\/turismo\/historia\/\"]}]},{\"@type\":\"BreadcrumbList\",\"@id\":\"https:\/\/bullas.es\/turismo\/historia\/#breadcrumb\",\"itemListElement\":[{\"@type\":\"ListItem\",\"position\":1,\"name\":\"Portada\",\"item\":\"https:\/\/bullas.es\/turismo\/\"},{\"@type\":\"ListItem\",\"position\":2,\"name\":\"Historia\"}]}]}<\/script>\n<!-- \/ Yoast SEO plugin. -->","_links":{"self":[{"href":"https:\/\/bullas.es\/turismo\/wp-json\/wp\/v2\/pages\/26"}],"collection":[{"href":"https:\/\/bullas.es\/turismo\/wp-json\/wp\/v2\/pages"}],"about":[{"href":"https:\/\/bullas.es\/turismo\/wp-json\/wp\/v2\/types\/page"}],"author":[{"embeddable":true,"href":"https:\/\/bullas.es\/turismo\/wp-json\/wp\/v2\/users\/5"}],"replies":[{"embeddable":true,"href":"https:\/\/bullas.es\/turismo\/wp-json\/wp\/v2\/comments?post=26"}],"version-history":[{"count":0,"href":"https:\/\/bullas.es\/turismo\/wp-json\/wp\/v2\/pages\/26\/revisions"}],"wp:attachment":[{"href":"https:\/\/bullas.es\/turismo\/wp-json\/wp\/v2\/media?parent=26"}],"curies":[{"name":"wp","href":"https:\/\/api.w.org\/{rel}","templated":true}]}}