{"id":30,"date":"2016-11-23T22:44:55","date_gmt":"2016-11-23T22:44:55","guid":{"rendered":"http:\/\/bullas.es\/multisite\/turismo\/?page_id=30"},"modified":"2016-12-29T18:06:41","modified_gmt":"2016-12-29T18:06:41","slug":"medio-natural","status":"publish","type":"page","link":"https:\/\/bullas.es\/turismo\/medio-natural\/","title":{"rendered":"Medio Natural"},"content":{"rendered":"<div id=\"cs-content\" class=\"cs-content\" ><div id=\"x-section-1\" class=\"x-section\" style=\"margin: 0px;padding: 10px 0px; background-color: transparent;\"  ><div class=\"x-container max width\" style=\"margin: 0px auto;padding: 0px;\"  ><div  class=\"x-column x-sm x-1-1\" style=\"padding: 0px;\" ><h1  class=\"h-custom-headline h2\" ><span>MEDIO NATURAL<\/span><\/h1><\/div><\/div><div class=\"x-container max width\" style=\"margin: 0px auto;padding: 0px;\"  ><div  class=\"x-column x-sm x-1-1\" style=\"padding: 0px;\" ><img  class=\"x-img x-img-none\"  src=\"http:\/\/bullas.es\/turismo\/wp-content\/uploads\/sites\/2\/2016\/12\/ni\u00f1o_parra_larga1920x100.png\" ><\/div><\/div><div class=\"x-container max width\" style=\"margin: 0px auto;padding: 0px;\"  ><div  class=\"x-column x-sm x-1-1\" style=\"padding: 0px;\" ><img  class=\"x-img x-img-none\"  src=\"http:\/\/bullas.es\/turismo\/wp-content\/uploads\/sites\/2\/2016\/12\/naturaleza.jpg\" ><\/div><\/div><div class=\"x-container max width\" style=\"margin: 0px auto;padding: 0px;\"  ><div  class=\"x-column x-sm x-1-1\" style=\"padding: 0px;\" ><hr  class=\"x-hr\" style=\"border-top-width: 1px;\"><\/div><\/div><\/div><div id=\"x-section-2\" class=\"x-section\" style=\"margin: 0px;padding: 10px 0px; background-color: transparent;\"  ><div class=\"x-container max width\" style=\"margin: 0px auto;padding: 0px;\"  ><div  class=\"x-column x-sm x-1-1\" style=\"padding: 0px;\" ><div class=\"x-text\"  ><p>El municipio de Bullas, con sus 82 km2, es el de menor tama\u00f1o de la Comarca del Noroeste de la Regi\u00f3n de Murcia, pero eso no impide que albergue una gran diversidad en singularidades clim\u00e1ticas, geol\u00f3gicas, bot\u00e1nicas, zool\u00f3gicas, etc.; gracias a una orograf\u00eda accidentada, en la que contrastan montes que rondan los 1.000 m de altitud con llanos donde los cultivos tradicionales de secano (cereales, vi\u00f1edos y almendros) son los protagonistas, y un clima mediterr\u00e1neo con rasgos continentales, que originan espacios y paisajes que merecen una atenci\u00f3n especial, por ser enclaves \u00fanicos de gran belleza e inter\u00e9s educativo, cultural y tur\u00edstico. Este patrimonio lo podemos encontrar bajo diferentes figuras legales de protecci\u00f3n:<\/p>\n<\/div><\/div><\/div><\/div><div id=\"x-section-3\" class=\"x-section\" style=\"margin: 0px;padding: 10px 0px; background-color: transparent;\"  ><div class=\"x-container max width\" style=\"margin: 0px auto;padding: 0px;\"  ><div  class=\"x-column x-sm x-1-1\" style=\"padding: 0px;\" ><div class=\"x-flexslider-shortcode-container with-container\"><div  class=\"x-flexslider x-flexslider-shortcode x-flexslider-shortcode-1\" data-x-element=\"slider\" data-x-params=\"{&quot;animation&quot;:&quot;fade&quot;,&quot;reverse&quot;:false,&quot;slideTime&quot;:&quot;5000&quot;,&quot;slideSpeed&quot;:&quot;1000&quot;,&quot;controlNav&quot;:false,&quot;prevNextNav&quot;:true,&quot;slideshow&quot;:true,&quot;random&quot;:true,&quot;touch&quot;:true,&quot;pauseOnHover&quot;:true}\"  ><ul class=\"x-slides\"><li  class=\"x-slide\" ><img src=\"http:\/\/bullas.es\/turismo\/wp-content\/uploads\/sites\/2\/2016\/12\/naturaleza1.jpg\" alt=\"Naturaleza en Bullas\"><\/li><li  class=\"x-slide\" ><img src=\"http:\/\/bullas.es\/turismo\/wp-content\/uploads\/sites\/2\/2016\/12\/naturaleza2.jpg\" alt=\"Naturaleza en Bullas\"><\/li><li  class=\"x-slide\" ><img src=\"http:\/\/bullas.es\/turismo\/wp-content\/uploads\/sites\/2\/2016\/12\/naturaleza3.jpg\" alt=\"Naturaleza en Bullas\"><\/li><li  class=\"x-slide\" ><img src=\"http:\/\/bullas.es\/turismo\/wp-content\/uploads\/sites\/2\/2016\/12\/naturaleza4.jpg\" alt=\"Naturaleza en Bullas\"><\/li><li  class=\"x-slide\" ><img src=\"http:\/\/bullas.es\/turismo\/wp-content\/uploads\/sites\/2\/2016\/12\/naturaleza5.jpg\" alt=\"Naturaleza en Bullas\"><\/li><li  class=\"x-slide\" ><img src=\"http:\/\/bullas.es\/turismo\/wp-content\/uploads\/sites\/2\/2016\/12\/naturaleza6.jpg\" alt=\"Naturaleza en Bullas\"><\/li><li  class=\"x-slide\" ><img src=\"http:\/\/bullas.es\/turismo\/wp-content\/uploads\/sites\/2\/2016\/12\/naturaleza7.jpg\" alt=\"Naturaleza en Bullas\"><\/li><li  class=\"x-slide\" ><img src=\"http:\/\/bullas.es\/turismo\/wp-content\/uploads\/sites\/2\/2016\/12\/naturaleza8.jpg\" alt=\"Naturaleza en Bullas\"><\/li><li  class=\"x-slide\" ><img src=\"http:\/\/bullas.es\/turismo\/wp-content\/uploads\/sites\/2\/2016\/12\/naturaleza9.jpg\" alt=\"Naturaleza en Bullas\"><\/li><li  class=\"x-slide\" ><img src=\"http:\/\/bullas.es\/turismo\/wp-content\/uploads\/sites\/2\/2016\/12\/naturaleza10.jpg\" alt=\"Naturaleza en Bullas\"><\/li><\/ul><\/div><\/div><\/div><\/div><\/div><div id=\"x-section-4\" class=\"x-section\" style=\"margin: 0px;padding: 10px 0px; background-color: transparent;\"  ><div class=\"x-container max width\" style=\"margin: 0px auto;padding: 0px;\"  ><div  class=\"x-column x-sm x-1-1\" style=\"padding: 0px;\" ><h2  class=\"h-custom-headline h4\" ><span>LUGAR DE INTER\u00c9S GEOL\u00d3GICO &#8220;SALTO DEL USERO&#8221;<\/span><\/h2><\/div><\/div><div class=\"x-container max width\" style=\"margin: 0px auto;padding: 0px;\"  ><div  class=\"x-column x-sm x-1-1\" style=\"padding: 0px;\" ><div class=\"x-text\"  ><p>Situado el cauce del r\u00edo Mula, al norte del cerro El Castellar y a pocos kil\u00f3metros del casco urbano. Se trata de un paraje de gran belleza paisaj\u00edstica, de inter\u00e9s hidrol\u00f3gico, geomorfol\u00f3gico y sedimentol\u00f3gico, en el que pueden observarse procesos erosivos generados en una formaci\u00f3n de areniscas y travertinos de notable valor.<\/p>\n<p>La erosi\u00f3n remontante de estos materiales en el cauce ha originado su peculiar morfolog\u00eda en b\u00f3veda, precipit\u00e1ndose el agua hacia la base en una cascada de varios metros de altitud y formando una poza bastante profunda constantemente llena de agua, muy utilizada por los turistas y habitantes de estas tierras en \u00e9poca estival.<\/p>\n<\/div><\/div><\/div><\/div><div id=\"x-section-5\" class=\"x-section\" style=\"margin: 0px;padding: 10px 0px; background-color: transparent;\"  ><div class=\"x-container max width\" style=\"margin: 0px auto;padding: 0px;\"  ><div  class=\"x-column x-sm x-1-1\" style=\"padding: 0px;\" ><h2  class=\"h-custom-headline h4\" ><span>LUGAR DE INTER\u00c9S COMUNITARIO &#8220;R\u00cdO MULA Y PLIEGO&#8221;<\/span><\/h2><\/div><\/div><div class=\"x-container max width\" style=\"margin: 0px auto;padding: 0px;\"  ><div  class=\"x-column x-sm x-1-1\" style=\"padding: 0px;\" ><div class=\"x-text\"  ><p>Excelente representaci\u00f3n de la vegetaci\u00f3n de ribera, formado por un estrato arb\u00f3reo (choperas, olmedas) y un estrato arbustivo donde dominan saucedas, ros\u00e1ceas espinosas, zarzales, y una gran diversidad de plantas trepadoras. Adem\u00e1s se caracteriza por la presencia de rocas rezumantes de aguas carbonatadas (tobas y travertinos) con plantas asociadas tales como culantrillos (<em>Adiantum capillus-veneris<\/em>) y alfilerillos de viuda (<em>Trachelium caeruleum<\/em>).<\/p>\n<p>Entre la fauna silvestre destaca una colonia de murci\u00e9lago patudo, murci\u00e9lago ratonero grande y murci\u00e9lago ratonero mediano (-Anexo II- Directiva 92\/43\/CEE); y entre las especies vegetales de inter\u00e9s destacan: \u00c1lamos y Chopos (<em>Populus x canescens<\/em>, <em>Populus alba<\/em>, <em>Populus nigra<\/em>), Fresnos (<em>Fraxinus angustifolia<\/em>), Olmos (<em>Ulmus min<\/em>or), Latoneros (<em>Celtis australis<\/em>), Sauces (<em>Salix atrocinerea<\/em>), Madreselvas (<em>Lonicera implexa<\/em>), Rosas silvestres (<em>Rosa sp. pl.<\/em>), Zarzamoras (<em>Rubus ulmifolius<\/em>), Majuelos (<em>Crataegus monogyna<\/em>), Clematis (<em>Clematis vitalba<\/em>), Zarzaparrillas (<em>Smilax aspera<\/em>), Emborrachacabras (<em>Coriaria myrtifolia<\/em>), entre otras.<\/p>\n<\/div><\/div><\/div><\/div><div id=\"x-section-6\" class=\"x-section\" style=\"margin: 0px;padding: 10px 0px; background-color: transparent;\"  ><div class=\"x-container max width\" style=\"margin: 0px auto;padding: 0px;\"  ><div  class=\"x-column x-sm x-1-1\" style=\"padding: 0px;\" ><h2  class=\"h-custom-headline h4\" ><span>ZONA DE ESPECIAL PROTECCI\u00d3N PARA LAS AVES &#8220;SIERRAS DE BURETE, LAVIA Y CAMBR\u00d3N&#8221;<\/span><\/h2><\/div><\/div><div class=\"x-container max width\" style=\"margin: 0px auto;padding: 0px;\"  ><div  class=\"x-column x-sm x-1-1\" style=\"padding: 0px;\" ><div class=\"x-text\"  ><p>Esta ZEPA presenta una superficie de 21.482,22 has, ocupa casi un tercio del t\u00e9rmino municipal de Bullas y comparte otros municipios como Mula, Ceheg\u00edn y Lorca.<\/p>\n<p>En cuanto a los valores ornitol\u00f3gicos, cumple los criterios num\u00e9ricos establecidos para ser designada ZEPA (seg\u00fan la Directiva 409\/79\/CEE) por las especies como culebra europea (<em>Circaetus gallicus<\/em>), \u00e1guila calzada (<em>Hieraaetus pennatus<\/em>), b\u00faho real (<em>Bubo bubo<\/em>) y chova piquirroja (<em>Phyrrocorax phyrrocorax<\/em>).<\/p>\n<\/div><\/div><\/div><\/div><div id=\"x-section-7\" class=\"x-section\" style=\"margin: 0px;padding: 10px 0px; background-color: transparent;\"  ><div class=\"x-container max width\" style=\"margin: 0px auto;padding: 0px;\"  ><div  class=\"x-column x-sm x-1-1\" style=\"padding: 0px;\" ><h2  class=\"h-custom-headline h4\" ><span>FLORA PROTEGIDA SEG\u00daN DECRETO 50\/2003, DE 30 DE MAYO<\/span><\/h2><\/div><\/div><div class=\"x-container max width\" style=\"margin: 0px auto;padding: 0px;\"  ><div  class=\"x-column x-sm x-1-1\" style=\"padding: 0px;\" ><div class=\"x-text\"  ><p>En estas tierras podemos observar 33 especies de flora amenazada, entre las que destacan dos taxones catalogados en peligro de extinci\u00f3n: fresno (<em>Fraxinus angustifolia<\/em>) y \u00e1lamo bastardo (<em>Populus canescens<\/em>); otros dos catalogados como vulnerables: quejigo (<em>Quercus faginea<\/em>) y sa\u00faco (<em>Sambucus nigra<\/em>); y un buen n\u00famero de especies catalogadas como de inter\u00e9s especial y\/o aprovechamiento (carrascas, chopos, \u00e1lamos, enebros, sabinas, majuelos, narcisos,etc.).<\/p>\n<\/div><\/div><\/div><\/div><div id=\"x-section-8\" class=\"x-section\" style=\"margin: 0px;padding: 10px 0px; background-color: transparent;\"  ><div class=\"x-container max width\" style=\"margin: 0px auto;padding: 0px;\"  ><div  class=\"x-column x-sm x-1-1\" style=\"padding: 0px;\" ><h2  class=\"h-custom-headline h4\" ><span>FAUNA AMENAZADA SEG\u00daN LEY 7\/95, DE 21 DE ABRIL<\/span><\/h2><\/div><\/div><div class=\"x-container max width\" style=\"margin: 0px auto;padding: 0px;\"  ><div  class=\"x-column x-sm x-1-1\" style=\"padding: 0px;\" ><div class=\"x-text\"  ><p>Entre la fauna amenazada se han enumerado unas 24 especies de vertebrados entre las que destacan el \u00e1guila perdicera (<em>Hieraaetus fasciatus<\/em>), catalogada en peligro de extinci\u00f3n; el aguilucho cenizo (<em>Circus pygargus<\/em>), el sis\u00f3n (<em>Tetrax tetrax<\/em>), la ortega (<em>Pterocles orientales<\/em>) y la cabra mont\u00e9s (<em>Capra pyrenaica<\/em>), catalogados como vulnerables y un gran n\u00famero catalogados de inter\u00e9s especial.<\/p>\n<\/div><\/div><\/div><\/div><div id=\"x-section-9\" class=\"x-section\" style=\"margin: 0px;padding: 10px 0px; background-color: transparent;\"  ><div class=\"x-container max width\" style=\"margin: 0px auto;padding: 0px;\"  ><div  class=\"x-column x-sm x-1-1\" style=\"padding: 0px;\" ><h2  class=\"h-custom-headline h4\" ><span>\u00c1RBOLES MONUMENTALES Y\/O SINGULARES<\/span><\/h2><\/div><\/div><div class=\"x-container max width\" style=\"margin: 0px auto;padding: 0px;\"  ><div  class=\"x-column x-sm x-1-1\" style=\"padding: 0px;\" ><div class=\"x-text\"  ><p>Tanto aut\u00f3ctonos, como introducidos, se trata por tanto de verdaderos monumentos vivos que merecen ser objeto de una protecci\u00f3n especial por su singularidad, rareza o belleza, seg\u00fan define la<em> Ley 4\/89, de 27 de marzo, de Conservaci\u00f3n de los Espacios Naturales y de la Flora y Fauna Silvestre<\/em>.<\/p>\n<p>A pesar de que muchos de nuestros \u00e1rboles han desaparecido, por muerte natural, condiciones climatol\u00f3gicas adversas o por la mano del hombre, son muchos los \u00e1rboles que siguen en pie, hasta ahora 25 ejemplares catalogados por el Ayuntamiento de Bullas, que forman parte del Patrimonio Natural y Cultural de este Municipio.<\/p>\n<p>Destacamos el Pino de la Osamenta, una de las joyas de estas tierras del interior. Este pino carrasco (<em>Pinus halepensis<\/em>), est\u00e1 considerado entre los 5-6 pinos m\u00e1s grandes de la Regi\u00f3n. Su tronco supera los 5 metros de cuerda (5,10 metros), y es uno de los m\u00e1s sobresalientes por su porte esbelto y verticalidad, con grandes brazos multirramificados que le dan un aspecto se\u00f1orial. El otro \u00e1rbol corresponde a la Carrasca del Romero (<em>Quercus rotundifolia<\/em>), \u00e1rbol catalogado como una de las carrascas m\u00e1s grandes de la Regi\u00f3n de Murcia, con un tronco en torno a los 6,20 metros de per\u00edmetro y \u00fanico del patrimonio natural de Bullas.<\/p>\n<\/div><\/div><\/div><\/div><div id=\"x-section-10\" class=\"x-section\" style=\"margin: 0px;padding: 10px 0px; background-color: transparent;\"  ><div class=\"x-container max width\" style=\"margin: 0px auto;padding: 0px;\"  ><div  class=\"x-column x-sm x-1-1\" style=\"padding: 0px;\" ><h2  class=\"h-custom-headline h4\" ><span>LUGARES DE INTER\u00c9S PAISAJ\u00cdSTICO<\/span><\/h2><\/div><\/div><div class=\"x-container max width\" style=\"margin: 0px auto;padding: 0px;\"  ><div  class=\"x-column x-sm x-1-1\" style=\"padding: 0px;\" ><div class=\"x-text\"  ><p>La variedad altitudinal y topogr\u00e1fica en direcci\u00f3n norte-sur, implica unas caracter\u00edsticas paisaj\u00edsticas diferentes desde las cotas altas (Aceniche, Garci-S\u00e1nchez) a las cotas m\u00e1s bajas (parajes de La Copa de Bullas), en el podemos encontrar tres grandes grupos de paisaje:<\/p>\n<p><strong>Cerros monta\u00f1osos<\/strong><\/p>\n<p>Presentan cotas de mediana altura, destacando entre otros, Garci S\u00e1nchez (1.026 metros), El Castellar (993 metros) y la Sierra de la Silla (794 metros), en los que dominan los litosuelos e importantes farallones rocosos de gran verticalidad y entidad paisaj\u00edstica (umbr\u00eda del Castellar).<br \/>\nEn ellos se sit\u00faan la mayor parte de las masas forestales con pinar de pino carrasco (<em>Pinus halepensis<\/em>), y un matorral-espartizal en las solanas fundamentalmente. En las zonas cacuminales aparecen carrascas achaparradas (<em>Quercus rotundifolia<\/em>).<\/p>\n<p>Hay pocas actividades humanas, en todo caso podemos encontrar peque\u00f1as sendas, que nos permiten visitar estos enclaves de alto valor paisaj\u00edstico.<\/p>\n<p><strong>Depresiones intermonta\u00f1osas<\/strong><\/p>\n<p>Se trata de \u00e1reas de relieve suave, ocupadas en su mayor parte por cultivos tradicionales de secano sobre materiales cuaternarios y suelos calizos. Destacan el altiplano del Aceniche, las estepas de Ucenda-Carrascalejo-Fuente la Higuera. Entre estos paisajes y dispuestos en mosaico descubriremos los vi\u00f1edos, olivos y almendros que nos muestran la entidad cultural y tradicional de estas tierras.<\/p>\n<p><strong>Cuenca de los r\u00edos y ramblas principales del Municipio<\/strong><\/p>\n<p>Si paseamos por los cursos de agua, es f\u00e1cil divisar las manchas de vegetaci\u00f3n de ribera en contraste con los montes y cultivos que las limitan. Estamos obligados a mencionar el rio Mula y como no, el Barranco de la Regidora, a su paso por la zona de El Cristo (en El Carrascalejo). Su peculiar encajonamiento facilita un mayor aporte de agua a trav\u00e9s del suelo, por lo que aparecen especies de bosques subh\u00famedos como quejigos e h\u00edbridos de \u00e9ste con carrascas. En su bosque encontraremos especies riparias como latoneros, olmos, fresnos, chopos negros y sauces. Ya en zonas m\u00e1s secas, las carrascas son sustituidas por las chaparras, que aparecen con lentiscos, espinos, as\u00ed como con espartizales, pastizales y tomillares. Entre las ramblas, m\u00e1s abiertas y con vegetaci\u00f3n menos densa, destacan la Rambla del Ceacejo, Rambla de Ucenda, as\u00ed mismo dos arroyos importantes, aunque de aguas intermitentes, son el del Chaparral y el de Los Muletos.<\/p>\n<p>Merece la pena visitar las peque\u00f1as huertas tradicionales de regad\u00edo situadas en las faldas del cerro del Castellar, entre Ucenda y Salto del Usero, en las que se conservan recursos filogen\u00e9ticos cultivados generaci\u00f3n tras generaci\u00f3n.<\/p>\n<\/div><\/div><\/div><\/div><\/div>\n","protected":false},"excerpt":{"rendered":"","protected":false},"author":5,"featured_media":0,"parent":0,"menu_order":0,"comment_status":"closed","ping_status":"closed","template":"template-blank-4.php","meta":[],"yoast_head":"<!-- This site is optimized with the Yoast SEO plugin v16.6.1 - https:\/\/yoast.com\/wordpress\/plugins\/seo\/ -->\n<meta name=\"robots\" content=\"index, follow, max-snippet:-1, max-image-preview:large, max-video-preview:-1\" \/>\n<link rel=\"canonical\" href=\"https:\/\/bullas.es\/turismo\/medio-natural\/\" \/>\n<meta property=\"og:locale\" content=\"es_ES\" \/>\n<meta property=\"og:type\" content=\"article\" \/>\n<meta property=\"og:title\" content=\"Medio Natural - Turismo de Bullas\" \/>\n<meta property=\"og:url\" content=\"https:\/\/bullas.es\/turismo\/medio-natural\/\" \/>\n<meta property=\"og:site_name\" content=\"Turismo de Bullas\" \/>\n<meta property=\"article:publisher\" content=\"https:\/\/es-es.facebook.com\/TurismoBullas\/\" \/>\n<meta property=\"article:modified_time\" content=\"2016-12-29T18:06:41+00:00\" \/>\n<meta property=\"og:image\" content=\"http:\/\/bullas.es\/turismo\/wp-content\/uploads\/sites\/2\/2016\/12\/naturaleza1.jpg\" \/>\n<meta name=\"twitter:card\" content=\"summary\" \/>\n<meta name=\"twitter:site\" content=\"@turismobullas\" \/>\n<meta name=\"twitter:label1\" content=\"Tiempo de lectura\" \/>\n\t<meta name=\"twitter:data1\" content=\"12 minutos\" \/>\n<script type=\"application\/ld+json\" class=\"yoast-schema-graph\">{\"@context\":\"https:\/\/schema.org\",\"@graph\":[{\"@type\":\"WebSite\",\"@id\":\"https:\/\/bullas.es\/turismo\/#website\",\"url\":\"https:\/\/bullas.es\/turismo\/\",\"name\":\"Turismo de Bullas\",\"description\":\"Bullas Bodega Natural\",\"potentialAction\":[{\"@type\":\"SearchAction\",\"target\":{\"@type\":\"EntryPoint\",\"urlTemplate\":\"https:\/\/bullas.es\/turismo\/?s={search_term_string}\"},\"query-input\":\"required name=search_term_string\"}],\"inLanguage\":\"es\"},{\"@type\":\"ImageObject\",\"@id\":\"https:\/\/bullas.es\/turismo\/medio-natural\/#primaryimage\",\"inLanguage\":\"es\",\"url\":\"http:\/\/bullas.es\/turismo\/wp-content\/uploads\/sites\/2\/2016\/12\/naturaleza1.jpg\",\"contentUrl\":\"http:\/\/bullas.es\/turismo\/wp-content\/uploads\/sites\/2\/2016\/12\/naturaleza1.jpg\"},{\"@type\":\"WebPage\",\"@id\":\"https:\/\/bullas.es\/turismo\/medio-natural\/#webpage\",\"url\":\"https:\/\/bullas.es\/turismo\/medio-natural\/\",\"name\":\"Medio Natural - Turismo de Bullas\",\"isPartOf\":{\"@id\":\"https:\/\/bullas.es\/turismo\/#website\"},\"primaryImageOfPage\":{\"@id\":\"https:\/\/bullas.es\/turismo\/medio-natural\/#primaryimage\"},\"datePublished\":\"2016-11-23T22:44:55+00:00\",\"dateModified\":\"2016-12-29T18:06:41+00:00\",\"breadcrumb\":{\"@id\":\"https:\/\/bullas.es\/turismo\/medio-natural\/#breadcrumb\"},\"inLanguage\":\"es\",\"potentialAction\":[{\"@type\":\"ReadAction\",\"target\":[\"https:\/\/bullas.es\/turismo\/medio-natural\/\"]}]},{\"@type\":\"BreadcrumbList\",\"@id\":\"https:\/\/bullas.es\/turismo\/medio-natural\/#breadcrumb\",\"itemListElement\":[{\"@type\":\"ListItem\",\"position\":1,\"name\":\"Portada\",\"item\":\"https:\/\/bullas.es\/turismo\/\"},{\"@type\":\"ListItem\",\"position\":2,\"name\":\"Medio Natural\"}]}]}<\/script>\n<!-- \/ Yoast SEO plugin. -->","_links":{"self":[{"href":"https:\/\/bullas.es\/turismo\/wp-json\/wp\/v2\/pages\/30"}],"collection":[{"href":"https:\/\/bullas.es\/turismo\/wp-json\/wp\/v2\/pages"}],"about":[{"href":"https:\/\/bullas.es\/turismo\/wp-json\/wp\/v2\/types\/page"}],"author":[{"embeddable":true,"href":"https:\/\/bullas.es\/turismo\/wp-json\/wp\/v2\/users\/5"}],"replies":[{"embeddable":true,"href":"https:\/\/bullas.es\/turismo\/wp-json\/wp\/v2\/comments?post=30"}],"version-history":[{"count":0,"href":"https:\/\/bullas.es\/turismo\/wp-json\/wp\/v2\/pages\/30\/revisions"}],"wp:attachment":[{"href":"https:\/\/bullas.es\/turismo\/wp-json\/wp\/v2\/media?parent=30"}],"curies":[{"name":"wp","href":"https:\/\/api.w.org\/{rel}","templated":true}]}}